{"id":2282,"date":"2026-02-20T19:11:14","date_gmt":"2026-02-20T19:11:14","guid":{"rendered":"https:\/\/www.lesclesdelauraconciergerie.com\/?page_id=2282"},"modified":"2026-03-06T17:23:15","modified_gmt":"2026-03-06T17:23:15","slug":"a-la-carte","status":"publish","type":"page","link":"https:\/\/www.lesclesdelauraconciergerie.com\/index.php\/a-la-carte\/","title":{"rendered":"\u00c0 la carte"},"content":{"rendered":"\t\t<div data-elementor-type=\"wp-page\" data-elementor-id=\"2282\" class=\"elementor elementor-2282\">\n\t\t\t\t<div class=\"elementor-element elementor-element-068b753 e-flex e-con-boxed e-con e-parent\" data-id=\"068b753\" data-element_type=\"container\" data-e-type=\"container\" data-settings=\"{&quot;background_background&quot;:&quot;classic&quot;}\">\n\t\t\t\t\t<div class=\"e-con-inner\">\n\t\t\t\t<div class=\"elementor-element elementor-element-54f15281 elementor-widget elementor-widget-heading\" data-id=\"54f15281\" data-element_type=\"widget\" data-e-type=\"widget\" data-widget_type=\"heading.default\">\n\t\t\t\t\t<h2 class=\"elementor-heading-title elementor-size-default\">Nos services a la carte<\/h2>\t\t\t\t<\/div>\n\t\t\t\t<div class=\"elementor-element elementor-element-2b50daf elementor-invisible elementor-widget elementor-widget-text-editor\" data-id=\"2b50daf\" data-element_type=\"widget\" data-e-type=\"widget\" data-settings=\"{&quot;_animation&quot;:&quot;fadeInRight&quot;}\" data-widget_type=\"text-editor.default\">\n\t\t\t\t\t\t\t\t\t<p>Nous proposons aussi un accompagnement \u00e0 la carte pour g\u00e9rer votre location saisonni\u00e8re en toute s\u00e9r\u00e9nit\u00e9. Gardez la main sur les actions que vous souhaitez, et laissez nous nous occuper des t\u00e2ches qui vous prennent le plus de temps.\u00a0<span style=\"font-size: 1rem;\">En fonction de vos besoins, nous pouvons nous occuper seulement d&rsquo;une partie: remise des cl\u00e9s, m\u00e9nage, gestion des r\u00e9servations, gestion des commentaires, etc.<\/span><\/p><p>Nous sommes \u00e0 votre \u00e9coute pour r\u00e9pondre \u00e0 toutes vos demandes<\/p>\t\t\t\t\t\t\t\t<\/div>\n\t\t\t\t\t<\/div>\n\t\t\t\t<\/div>\n\t\t<div class=\"elementor-element elementor-element-da53371 e-flex e-con-boxed e-con e-parent\" data-id=\"da53371\" data-element_type=\"container\" data-e-type=\"container\">\n\t\t\t\t\t<div class=\"e-con-inner\">\n\t\t<div class=\"elementor-element elementor-element-7667a4a e-con-full e-flex e-con e-child\" data-id=\"7667a4a\" data-element_type=\"container\" data-e-type=\"container\">\n\t\t\t\t<div class=\"elementor-element elementor-element-7ec7bdb elementor-widget elementor-widget-heading\" data-id=\"7ec7bdb\" data-element_type=\"widget\" data-e-type=\"widget\" data-widget_type=\"heading.default\">\n\t\t\t\t\t<h2 class=\"elementor-heading-title elementor-size-default\">Creation de l annonce<\/h2>\t\t\t\t<\/div>\n\t\t\t\t<div class=\"elementor-element elementor-element-7cc69dd elementor-widget elementor-widget-text-editor\" data-id=\"7cc69dd\" data-element_type=\"widget\" data-e-type=\"widget\" data-widget_type=\"text-editor.default\">\n\t\t\t\t\t\t\t\t\t<p>Nous vous aidons \u00e0 cr\u00e9er votre annonce, nous faisons des photos professionnelles et vous donnons des id\u00e9es de d\u00e9corations pour attirer les voyageurs. N&rsquo;oubliez pas qu&rsquo;une photo vaut vraiment mille mots sur Airbnb.<\/p>\t\t\t\t\t\t\t\t<\/div>\n\t\t\t\t<div class=\"elementor-element elementor-element-ac0e772 elementor-widget elementor-widget-text-editor\" data-id=\"ac0e772\" data-element_type=\"widget\" data-e-type=\"widget\" data-widget_type=\"text-editor.default\">\n\t\t\t\t\t\t\t\t\t<p><strong>Tarif : 250\u20ac<\/strong><\/p>\t\t\t\t\t\t\t\t<\/div>\n\t\t\t\t<div class=\"elementor-element elementor-element-f87d1c3 elementor-align-center elementor-widget elementor-widget-button\" data-id=\"f87d1c3\" data-element_type=\"widget\" data-e-type=\"widget\" data-widget_type=\"button.default\">\n\t\t\t\t\t\t\t\t\t\t<a class=\"elementor-button elementor-button-link elementor-size-sm elementor-animation-grow\" href=\"https:\/\/www.lesclesdelauraconciergerie.com\/index.php\/conciergerie-airbnb-dans-l-herault\/\">\n\t\t\t\t\t\t<span class=\"elementor-button-content-wrapper\">\n\t\t\t\t\t\t\t\t\t<span class=\"elementor-button-text\">Aidez-moi \u00e0 cr\u00e9er mon annonce !<\/span>\n\t\t\t\t\t<\/span>\n\t\t\t\t\t<\/a>\n\t\t\t\t\t\t\t\t<\/div>\n\t\t\t\t<\/div>\n\t\t\t\t\t<\/div>\n\t\t\t\t<\/div>\n\t\t<div class=\"elementor-element elementor-element-51fb605 e-flex e-con-boxed elementor-invisible e-con e-parent\" data-id=\"51fb605\" data-element_type=\"container\" data-e-type=\"container\" data-settings=\"{&quot;animation&quot;:&quot;fadeInUp&quot;}\">\n\t\t\t\t\t<div class=\"e-con-inner\">\n\t\t<div class=\"elementor-element elementor-element-e82c1bb e-con-full e-flex e-con e-child\" data-id=\"e82c1bb\" data-element_type=\"container\" data-e-type=\"container\">\n\t\t\t\t<div class=\"elementor-element elementor-element-32ecf54 elementor-widget elementor-widget-heading\" data-id=\"32ecf54\" data-element_type=\"widget\" data-e-type=\"widget\" data-widget_type=\"heading.default\">\n\t\t\t\t\t<h2 class=\"elementor-heading-title elementor-size-default\">Aide a l etat des lieux de votre logement<\/h2>\t\t\t\t<\/div>\n\t\t\t\t<div class=\"elementor-element elementor-element-145f3d7 elementor-widget elementor-widget-text-editor\" data-id=\"145f3d7\" data-element_type=\"widget\" data-e-type=\"widget\" data-widget_type=\"text-editor.default\">\n\t\t\t\t\t\t\t\t\t<p>Aide \u00e0 l&rsquo;\u00e9tat des lieux de votre logement. Nous comptabilisons les objets, meubles et ustensiles de cuisine puis nous vous faisons un compte rendu par mail sous format excel et une version stylis\u00e9e pour les voyageurs.<\/p>\t\t\t\t\t\t\t\t<\/div>\n\t\t\t\t<div class=\"elementor-element elementor-element-91bb959 elementor-widget elementor-widget-text-editor\" data-id=\"91bb959\" data-element_type=\"widget\" data-e-type=\"widget\" data-widget_type=\"text-editor.default\">\n\t\t\t\t\t\t\t\t\t<p><strong>Tarif:\u00a0<\/strong><\/p><p><span style=\"font-weight: 400;\">De 0 \u00e0 69m2&#8230;&#8230;&#8230;&#8230;&#8230;&#8230;&#8230;&#8230;..<strong>95\u20ac<\/strong>\u00a0 \u00a0 \u00a0<\/span><\/p><p><span style=\"font-size: 1rem;\">De 70m2 \u00e0 109m2&#8230;&#8230;&#8230;&#8230;&#8230;&#8230;&#8230;<\/span><strong style=\"font-size: 1rem;\">150\u20ac<\/strong><\/p><p><span style=\"font-weight: 400;\">De 110m2 \u00e0 200m2&#8230;&#8230;&#8230;&#8230;&#8230;&#8230;.<strong>200\u20ac\u00a0<\/strong> \u00a0<\/span><\/p><p><span style=\"font-weight: 400;\">Maison individuelle&#8230;&#8230;&#8230;&#8230;&#8230;&#8230;..<\/span><b>nous consulter<\/b><\/p>\t\t\t\t\t\t\t\t<\/div>\n\t\t\t\t<div class=\"elementor-element elementor-element-5031112 elementor-align-center elementor-widget elementor-widget-button\" data-id=\"5031112\" data-element_type=\"widget\" data-e-type=\"widget\" data-widget_type=\"button.default\">\n\t\t\t\t\t\t\t\t\t\t<a class=\"elementor-button elementor-button-link elementor-size-sm elementor-animation-grow\" href=\"https:\/\/www.lesclesdelauraconciergerie.com\/index.php\/conciergerie-airbnb-dans-l-herault\/\">\n\t\t\t\t\t\t<span class=\"elementor-button-content-wrapper\">\n\t\t\t\t\t\t\t\t\t<span class=\"elementor-button-text\">Epargnez moi les inventaires !<\/span>\n\t\t\t\t\t<\/span>\n\t\t\t\t\t<\/a>\n\t\t\t\t\t\t\t\t<\/div>\n\t\t\t\t<\/div>\n\t\t\t\t\t<\/div>\n\t\t\t\t<\/div>\n\t\t<div class=\"elementor-element elementor-element-11748d6 animated-slow e-flex e-con-boxed elementor-invisible e-con e-parent\" data-id=\"11748d6\" data-element_type=\"container\" data-e-type=\"container\" data-settings=\"{&quot;animation&quot;:&quot;fadeInUp&quot;}\">\n\t\t\t\t\t<div class=\"e-con-inner\">\n\t\t<div class=\"elementor-element elementor-element-1199f4b e-con-full e-flex e-con e-child\" data-id=\"1199f4b\" data-element_type=\"container\" data-e-type=\"container\">\n\t\t\t\t<div class=\"elementor-element elementor-element-cac1a61 elementor-widget elementor-widget-heading\" data-id=\"cac1a61\" data-element_type=\"widget\" data-e-type=\"widget\" data-widget_type=\"heading.default\">\n\t\t\t\t\t<h2 class=\"elementor-heading-title elementor-size-default\">Check in des voyageurs et remise des cles<\/h2>\t\t\t\t<\/div>\n\t\t\t\t<div class=\"elementor-element elementor-element-8f932f3 elementor-widget elementor-widget-text-editor\" data-id=\"8f932f3\" data-element_type=\"widget\" data-e-type=\"widget\" data-widget_type=\"text-editor.default\">\n\t\t\t\t\t\t\t\t\t<p class=\"font_8 wixui-rich-text__text\"><span class=\"wixui-rich-text__text\">Nous proposons un accueil chaleureux et personnalis\u00e9 \u00e0 vos voyageurs.<\/span><\/p><p class=\"font_8 wixui-rich-text__text\"><span class=\"wixui-rich-text__text\">Nous leur remettrons les cl\u00e9s, et visiterons ensemble votre logement afin de leur expliquer le fonctionnement des diff\u00e9rents appareils \u00e9lectriques (chauffage, climatisation, lave linge, machine \u00e0 caf\u00e9&#8230;).<\/span><\/p><p class=\"font_8 wixui-rich-text__text\"><span class=\"wixui-rich-text__text\">Puis nous prendrons le temps de leur pr\u00e9senter le quartier, les activit\u00e9s alentours ainsi que les bonnes adresses du quartier.\u00a0<\/span><\/p>\t\t\t\t\t\t\t\t<\/div>\n\t\t\t\t<div class=\"elementor-element elementor-element-fa9ce80 elementor-widget elementor-widget-text-editor\" data-id=\"fa9ce80\" data-element_type=\"widget\" data-e-type=\"widget\" data-widget_type=\"text-editor.default\">\n\t\t\t\t\t\t\t\t\t<p><strong>&nbsp;<\/strong><\/p>\n<p><strong>Tarif :&nbsp;<\/strong><\/p>\n<p>Du lundi au vendredi:<\/p>\n<p>09:00 &#8211; 18:00&#8230;&#8230;&#8230;&#8230;&#8230;&#8230;&#8230;&#8230;&#8230;&#8230;&#8230;<strong>25\u20ac<\/strong><\/p>\n<p><span style=\"font-size: 1rem;\">18:00 &#8211; 22:00&#8230;&#8230;&#8230;&#8230;&#8230;&#8230;&#8230;&#8230;&#8230;&#8230;&#8230;.<\/span><strong style=\"font-size: 1rem;\">35\u20ac<\/strong><\/p>\n<p><span style=\"font-size: 1rem;\">22:00 &#8211; 00:00&#8230;&#8230;&#8230;&#8230;&#8230;&#8230;&#8230;&#8230;&#8230;&#8230;..<\/span><strong style=\"font-size: 1rem;\">45\u20ac<\/strong><\/p>\n<p>00:00 &#8211; 09:00&#8230;&#8230;&#8230;&#8230;&#8230;&#8230;&#8230;&#8230;&#8230;&#8230;..<strong>55\u20ac<\/strong><\/p>\n<p>Week-ends:&nbsp; <strong>+ 15\u20ac<\/strong><\/p>\t\t\t\t\t\t\t\t<\/div>\n\t\t\t\t<div class=\"elementor-element elementor-element-f306585 elementor-align-center elementor-widget elementor-widget-button\" data-id=\"f306585\" data-element_type=\"widget\" data-e-type=\"widget\" data-widget_type=\"button.default\">\n\t\t\t\t\t\t\t\t\t\t<a class=\"elementor-button elementor-button-link elementor-size-sm elementor-animation-grow\" href=\"https:\/\/www.lesclesdelauraconciergerie.com\/index.php\/conciergerie-airbnb-dans-l-herault\/\">\n\t\t\t\t\t\t<span class=\"elementor-button-content-wrapper\">\n\t\t\t\t\t\t<span class=\"elementor-button-icon\">\n\t\t\t\t<svg aria-hidden=\"true\" class=\"e-font-icon-svg e-fas-long-arrow-alt-right\" viewBox=\"0 0 448 512\" xmlns=\"http:\/\/www.w3.org\/2000\/svg\"><path d=\"M313.941 216H12c-6.627 0-12 5.373-12 12v56c0 6.627 5.373 12 12 12h301.941v46.059c0 21.382 25.851 32.09 40.971 16.971l86.059-86.059c9.373-9.373 9.373-24.569 0-33.941l-86.059-86.059c-15.119-15.119-40.971-4.411-40.971 16.971V216z\"><\/path><\/svg>\t\t\t<\/span>\n\t\t\t\t\t\t\t\t\t<span class=\"elementor-button-text\">Occupez-vous de l'accueil de mes voyageurs!<\/span>\n\t\t\t\t\t<\/span>\n\t\t\t\t\t<\/a>\n\t\t\t\t\t\t\t\t<\/div>\n\t\t\t\t<\/div>\n\t\t\t\t\t<\/div>\n\t\t\t\t<\/div>\n\t\t<div class=\"elementor-element elementor-element-bf6265c e-flex e-con-boxed elementor-invisible e-con e-parent\" data-id=\"bf6265c\" data-element_type=\"container\" data-e-type=\"container\" data-settings=\"{&quot;animation&quot;:&quot;fadeInUp&quot;}\">\n\t\t\t\t\t<div class=\"e-con-inner\">\n\t\t<div class=\"elementor-element elementor-element-67fee03 e-con-full e-flex e-con e-child\" data-id=\"67fee03\" data-element_type=\"container\" data-e-type=\"container\">\n\t\t\t\t<div class=\"elementor-element elementor-element-9f25be7 elementor-widget elementor-widget-heading\" data-id=\"9f25be7\" data-element_type=\"widget\" data-e-type=\"widget\" data-widget_type=\"heading.default\">\n\t\t\t\t\t<h2 class=\"elementor-heading-title elementor-size-default\">Check out et etat des lieux<\/h2>\t\t\t\t<\/div>\n\t\t\t\t<div class=\"elementor-element elementor-element-c9f9876 elementor-widget elementor-widget-text-editor\" data-id=\"c9f9876\" data-element_type=\"widget\" data-e-type=\"widget\" data-widget_type=\"text-editor.default\">\n\t\t\t\t\t\t\t\t\t<p>\u00c0 la fin de leur s\u00e9jour, nous donnons des instructions aux voyageurs concernant le processus de check-out.<\/p><p>Nous faisons un \u00e9tat des lieux de sortie et inspectons votre logement pour s&rsquo;assurer de son \u00e9tat, afin que vous le retrouviez dans un \u00e9tat impeccable.<\/p><p>Portes et fen\u00eatres ferm\u00e9es, chauffage\/climatisation \u00e9teints et eau coup\u00e9e.<\/p>\t\t\t\t\t\t\t\t<\/div>\n\t\t\t\t<div class=\"elementor-element elementor-element-7a812a1 elementor-widget elementor-widget-text-editor\" data-id=\"7a812a1\" data-element_type=\"widget\" data-e-type=\"widget\" data-widget_type=\"text-editor.default\">\n\t\t\t\t\t\t\t\t\t<p><strong>\u00a0<\/strong><\/p><p><strong>Tarif :<\/strong><\/p><p>Du lundi au vendredi:<\/p><p><br \/>09:00 &#8211; 18:00&#8230;&#8230;&#8230;&#8230;&#8230;&#8230;&#8230;&#8230;&#8230;&#8230;&#8230;<strong>25\u20ac<\/strong><\/p><p><span style=\"font-size: 1rem;\">18:00 &#8211; 22:00&#8230;&#8230;&#8230;&#8230;&#8230;&#8230;&#8230;&#8230;&#8230;&#8230;&#8230;<\/span><strong style=\"font-size: 1rem;\">35\u20ac<\/strong><\/p><p>22:00 &#8211; 00:00&#8230;&#8230;&#8230;&#8230;&#8230;&#8230;&#8230;&#8230;&#8230;&#8230;..<strong>45\u20ac<\/strong><\/p><p>00:00 &#8211; 09:00&#8230;&#8230;&#8230;&#8230;&#8230;&#8230;&#8230;&#8230;&#8230;&#8230;..<strong>55\u20ac<\/strong><\/p><p>Week-ends:\u00a0 <strong>+ 15\u20ac<\/strong><\/p>\t\t\t\t\t\t\t\t<\/div>\n\t\t\t\t<div class=\"elementor-element elementor-element-2d288cc elementor-align-center elementor-widget elementor-widget-button\" data-id=\"2d288cc\" data-element_type=\"widget\" data-e-type=\"widget\" data-widget_type=\"button.default\">\n\t\t\t\t\t\t\t\t\t\t<a class=\"elementor-button elementor-button-link elementor-size-sm elementor-animation-grow\" href=\"https:\/\/www.lesclesdelauraconciergerie.com\/index.php\/conciergerie-airbnb-dans-l-herault\/\">\n\t\t\t\t\t\t<span class=\"elementor-button-content-wrapper\">\n\t\t\t\t\t\t<span class=\"elementor-button-icon\">\n\t\t\t\t<svg aria-hidden=\"true\" class=\"e-font-icon-svg e-fas-long-arrow-alt-right\" viewBox=\"0 0 448 512\" xmlns=\"http:\/\/www.w3.org\/2000\/svg\"><path d=\"M313.941 216H12c-6.627 0-12 5.373-12 12v56c0 6.627 5.373 12 12 12h301.941v46.059c0 21.382 25.851 32.09 40.971 16.971l86.059-86.059c9.373-9.373 9.373-24.569 0-33.941l-86.059-86.059c-15.119-15.119-40.971-4.411-40.971 16.971V216z\"><\/path><\/svg>\t\t\t<\/span>\n\t\t\t\t\t\t\t\t\t<span class=\"elementor-button-text\">Occupez-vous de l'accueil de mes voyageurs!<\/span>\n\t\t\t\t\t<\/span>\n\t\t\t\t\t<\/a>\n\t\t\t\t\t\t\t\t<\/div>\n\t\t\t\t<\/div>\n\t\t\t\t\t<\/div>\n\t\t\t\t<\/div>\n\t\t<div class=\"elementor-element elementor-element-25c1bd4 animated-slow e-flex e-con-boxed elementor-invisible e-con e-parent\" data-id=\"25c1bd4\" data-element_type=\"container\" data-e-type=\"container\" data-settings=\"{&quot;animation&quot;:&quot;fadeInUp&quot;}\">\n\t\t\t\t\t<div class=\"e-con-inner\">\n\t\t<div class=\"elementor-element elementor-element-e93cb0b e-con-full e-flex e-con e-child\" data-id=\"e93cb0b\" data-element_type=\"container\" data-e-type=\"container\">\n\t\t\t\t<div class=\"elementor-element elementor-element-f213ed6 elementor-widget elementor-widget-heading\" data-id=\"f213ed6\" data-element_type=\"widget\" data-e-type=\"widget\" data-widget_type=\"heading.default\">\n\t\t\t\t\t<h2 class=\"elementor-heading-title elementor-size-default\">Menage professionnel entre chaque location<\/h2>\t\t\t\t<\/div>\n\t\t\t\t<div class=\"elementor-element elementor-element-22409a8 elementor-widget elementor-widget-text-editor\" data-id=\"22409a8\" data-element_type=\"widget\" data-e-type=\"widget\" data-widget_type=\"text-editor.default\">\n\t\t\t\t\t\t\t\t\t<p>Notre \u00e9quipe de personnel de maison hautement qualifi\u00e9e, ayant travaill\u00e9e dans les plus grands palaces, sera soucieuse d&rsquo;offrir un travail de qualit\u00e9 et de prendre soin de votre appartement entre chaque location.<\/p><p>Nous utilisons des techniques et des produits de nettoyage de pointe, respectueux de l&rsquo;environnement, pour maintenir la propret\u00e9 et l&rsquo;hygi\u00e8ne de votre logement.<\/p>\t\t\t\t\t\t\t\t<\/div>\n\t\t\t\t<div class=\"elementor-element elementor-element-2fbf05a elementor-widget__width-inherit elementor-widget elementor-widget-text-editor\" data-id=\"2fbf05a\" data-element_type=\"widget\" data-e-type=\"widget\" data-widget_type=\"text-editor.default\">\n\t\t\t\t\t\t\t\t\t<p style=\"text-align: center;\"><strong>Tarif :<\/strong><\/p><p>Ce tarif est informatif car ce co\u00fbt sera pay\u00e9 s\u00e9par\u00e9ment par les voyageurs sur Airbnb.<\/p><p>Studio (25m2 max.) : <strong>35\u20ac<\/strong><br \/>Appartement de 26m2 \u00e0 40m2 : <strong>45\u20ac<\/strong><br \/>Appartement de 41m2 \u00e0 70m2 : <strong>65\u20ac<br \/><\/strong>Appartement de 71m2 \u00e0 110m2 : <strong>85\u20ac<br \/><\/strong>Appartement de 111m2 \u00e0 150m2 : .<strong>105\u20ac<\/strong> <br \/>Appartement de 151m2 \u00e0 190m2 : <strong>130\u20ac<\/strong><br \/>Maison individuelle: <strong>Nous consulter.<br \/><\/strong><\/p><p>*inclus: d\u00e9poussi\u00e9rage des meubles, nettoyage de la cuisine, des salles de bains et toilettes, des pi\u00e8ces \u00e0 vivre, aspiration et nettoyage des sols, v\u00e9rification des poubelles, canap\u00e9s et lits.<\/p>\t\t\t\t\t\t\t\t<\/div>\n\t\t\t\t<div class=\"elementor-element elementor-element-7a38d7c elementor-align-center elementor-widget elementor-widget-button\" data-id=\"7a38d7c\" data-element_type=\"widget\" data-e-type=\"widget\" data-widget_type=\"button.default\">\n\t\t\t\t\t\t\t\t\t\t<a class=\"elementor-button elementor-button-link elementor-size-sm elementor-animation-grow\" href=\"https:\/\/www.lesclesdelauraconciergerie.com\/index.php\/conciergerie-airbnb-dans-l-herault\/\">\n\t\t\t\t\t\t<span class=\"elementor-button-content-wrapper\">\n\t\t\t\t\t\t<span class=\"elementor-button-icon\">\n\t\t\t\t<svg aria-hidden=\"true\" class=\"e-font-icon-svg e-fas-long-arrow-alt-right\" viewBox=\"0 0 448 512\" xmlns=\"http:\/\/www.w3.org\/2000\/svg\"><path d=\"M313.941 216H12c-6.627 0-12 5.373-12 12v56c0 6.627 5.373 12 12 12h301.941v46.059c0 21.382 25.851 32.09 40.971 16.971l86.059-86.059c9.373-9.373 9.373-24.569 0-33.941l-86.059-86.059c-15.119-15.119-40.971-4.411-40.971 16.971V216z\"><\/path><\/svg>\t\t\t<\/span>\n\t\t\t\t\t\t\t\t\t<span class=\"elementor-button-text\">Je ne veux plus faire le m\u00e9nage de mon logement!<\/span>\n\t\t\t\t\t<\/span>\n\t\t\t\t\t<\/a>\n\t\t\t\t\t\t\t\t<\/div>\n\t\t\t\t<\/div>\n\t\t\t\t\t<\/div>\n\t\t\t\t<\/div>\n\t\t<div class=\"elementor-element elementor-element-8eb065f animated-slow e-flex e-con-boxed elementor-invisible e-con e-parent\" data-id=\"8eb065f\" data-element_type=\"container\" data-e-type=\"container\" data-settings=\"{&quot;animation&quot;:&quot;fadeInUp&quot;}\">\n\t\t\t\t\t<div class=\"e-con-inner\">\n\t\t<div class=\"elementor-element elementor-element-c86cd8a e-con-full e-flex e-con e-child\" data-id=\"c86cd8a\" data-element_type=\"container\" data-e-type=\"container\">\n\t\t\t\t<div class=\"elementor-element elementor-element-c0892f0 elementor-widget elementor-widget-heading\" data-id=\"c0892f0\" data-element_type=\"widget\" data-e-type=\"widget\" data-widget_type=\"heading.default\">\n\t\t\t\t\t<h2 class=\"elementor-heading-title elementor-size-default\">Gestion du linge de maison<\/h2>\t\t\t\t<\/div>\n\t\t\t\t<div class=\"elementor-element elementor-element-8fd5f8f elementor-widget elementor-widget-text-editor\" data-id=\"8fd5f8f\" data-element_type=\"widget\" data-e-type=\"widget\" data-widget_type=\"text-editor.default\">\n\t\t\t\t\t\t\t\t\t<p>Nous vous proposons une offre pour la gestion du linge :<\/p><p>Une gestion de votre propre linge avec r\u00e9cup\u00e9ration, nettoyage, repassage et distribution.<\/p>\t\t\t\t\t\t\t\t<\/div>\n\t\t\t\t<div class=\"elementor-element elementor-element-31e4b45 elementor-widget elementor-widget-heading\" data-id=\"31e4b45\" data-element_type=\"widget\" data-e-type=\"widget\" data-widget_type=\"heading.default\">\n\t\t\t\t\t<h2 class=\"elementor-heading-title elementor-size-default\">Tarif de nettoyage<\/h2>\t\t\t\t<\/div>\n\t\t<div class=\"elementor-element elementor-element-a8d6605 e-grid e-con-full e-con e-child\" data-id=\"a8d6605\" data-element_type=\"container\" data-e-type=\"container\">\n\t\t\t\t<div class=\"elementor-element elementor-element-cd692a1 elementor-widget elementor-widget-text-editor\" data-id=\"cd692a1\" data-element_type=\"widget\" data-e-type=\"widget\" data-widget_type=\"text-editor.default\">\n\t\t\t\t\t\t\t\t\t<p>Kit lit individuel inclus: 1 drap housse, 1 drap, 1 taie d&rsquo;oreiller: <strong>27,99\u20ac<\/strong><br \/>Kit lit double inclus: 1 drap housse, 1 drap double, 2 taies d&rsquo;oreillers: <strong>31,99\u20ac<\/strong><br \/>Kit lit individuel avec housse de couette incluse: 1 drap housse, 1 housse de couette, 1 taie d&rsquo;oreiller: <strong>37,99\u20ac<\/strong><br \/>Kit lit double avec housse de couette incluse: 1 drap housse, 1 housse de couette, 2 taies d&rsquo;oreillers:<strong> 44,99\u20ac<br \/><\/strong>Couette synth\u00e9tique individuelle:\u00a0<strong>21,80\u20ac<\/strong><br \/>Couette synth\u00e9tique double:\u00a0<strong>32,80\u20ac<\/strong><br \/>Couette avec plumes individuelle:\u00a0<strong>28,99\u20ac<\/strong><br \/>Couette avec plumes double:\u00a0<strong>41,99\u20ac<\/strong><span style=\"font-size: 1rem;\"><br \/><\/span><\/p>\t\t\t\t\t\t\t\t<\/div>\n\t\t\t\t<div class=\"elementor-element elementor-element-780385d elementor-widget elementor-widget-text-editor\" data-id=\"780385d\" data-element_type=\"widget\" data-e-type=\"widget\" data-widget_type=\"text-editor.default\">\n\t\t\t\t\t\t\t\t\t<p>Couverture en laine individuelle:\u00a0<strong style=\"font-size: 1rem;\">24,99\u20ac<br \/><\/strong>Couverture en laine pour lit double:\u00a0<span style=\"font-size: 1rem;\"><b>28,99\u20ac<\/b><\/span><br \/><span style=\"font-size: 1rem;\">Oreiller avec plumes:\u00a0<\/span><strong style=\"font-size: 1rem;\">25,60\u20ac<br \/><\/strong>Oreiller synth\u00e9tique:\u00a0<span style=\"font-size: 1rem;\"><b>23,60\u20ac<br \/><\/b><\/span><span style=\"font-size: 1rem;\">Dessus de lit simple synth\u00e9tique:\u00a0<\/span><span style=\"font-size: 1rem;\"><b>26,99\u20ac<br \/><\/b><\/span><span style=\"font-size: 1rem;\">Dessus de lit double synth\u00e9tique:\u00a0<\/span><span style=\"font-size: 1rem;\"><b>28,99\u20ac<br \/><\/b><\/span><span style=\"font-size: 1rem;\">Lits faits \u00e0 l&rsquo;arriv\u00e9e des voyageurs:\u00a0<\/span><span style=\"font-size: 1rem;\"><b>10.00\u20ac<br \/><\/b><\/span><span style=\"font-size: 1rem;\">Grande serviette de bain:\u00a0<\/span><span style=\"font-size: 1rem;\"><b>3,99\u20ac<br \/><\/b><\/span><span style=\"font-size: 1rem;\">Petite serviette de bain:\u00a0<\/span><span style=\"font-size: 1rem;\"><b>2,99\u20ac<br \/><\/b><\/span><span style=\"font-size: 1rem;\">Tapis de bain:\u00a0<\/span><span style=\"font-size: 1rem;\"><b>2,99\u20ac<br \/><\/b><\/span><span style=\"font-size: 1rem;\">Peignoir:\u00a0<\/span><strong style=\"font-size: 1rem;\">6,99\u20ac<\/strong><strong style=\"font-size: 1rem;\">\u00a0<\/strong><\/p>\t\t\t\t\t\t\t\t<\/div>\n\t\t\t\t<\/div>\n\t\t\t\t<div class=\"elementor-element elementor-element-a9a749c elementor-widget elementor-widget-text-editor\" data-id=\"a9a749c\" data-element_type=\"widget\" data-e-type=\"widget\" data-widget_type=\"text-editor.default\">\n\t\t\t\t\t\t\t\t\t<p><span style=\"font-size: 1rem;\">Nous r\u00e9cup\u00e9rons votre linge, le lavons, le repassons et vous le ramenons chez vous (en 48 heures)<\/span><span style=\"font-size: 1rem;\">.<\/span><\/p><p><span style=\"font-size: 1rem;\">\u00a0<\/span><\/p><p><span style=\"font-size: 1rem;\">Pour toute autre demande, n&rsquo;h\u00e9sitez pas \u00e0 nous consulter.<\/span><\/p>\t\t\t\t\t\t\t\t<\/div>\n\t\t\t\t<div class=\"elementor-element elementor-element-eb30caa elementor-align-center elementor-widget elementor-widget-button\" data-id=\"eb30caa\" data-element_type=\"widget\" data-e-type=\"widget\" data-widget_type=\"button.default\">\n\t\t\t\t\t\t\t\t\t\t<a class=\"elementor-button elementor-button-link elementor-size-sm elementor-animation-grow\" href=\"https:\/\/www.lesclesdelauraconciergerie.com\/index.php\/conciergerie-airbnb-dans-l-herault\/\">\n\t\t\t\t\t\t<span class=\"elementor-button-content-wrapper\">\n\t\t\t\t\t\t<span class=\"elementor-button-icon\">\n\t\t\t\t<svg aria-hidden=\"true\" class=\"e-font-icon-svg e-fas-long-arrow-alt-right\" viewBox=\"0 0 448 512\" xmlns=\"http:\/\/www.w3.org\/2000\/svg\"><path d=\"M313.941 216H12c-6.627 0-12 5.373-12 12v56c0 6.627 5.373 12 12 12h301.941v46.059c0 21.382 25.851 32.09 40.971 16.971l86.059-86.059c9.373-9.373 9.373-24.569 0-33.941l-86.059-86.059c-15.119-15.119-40.971-4.411-40.971 16.971V216z\"><\/path><\/svg>\t\t\t<\/span>\n\t\t\t\t\t\t\t\t\t<span class=\"elementor-button-text\">Je ne veux plus m'occuper du linge de maison !<\/span>\n\t\t\t\t\t<\/span>\n\t\t\t\t\t<\/a>\n\t\t\t\t\t\t\t\t<\/div>\n\t\t\t\t<\/div>\n\t\t\t\t\t<\/div>\n\t\t\t\t<\/div>\n\t\t<div class=\"elementor-element elementor-element-24958ed animated-slow e-flex e-con-boxed elementor-invisible e-con e-parent\" data-id=\"24958ed\" data-element_type=\"container\" data-e-type=\"container\" data-settings=\"{&quot;animation&quot;:&quot;fadeInUp&quot;}\">\n\t\t\t\t\t<div class=\"e-con-inner\">\n\t\t<div class=\"elementor-element elementor-element-f837301 e-con-full e-flex e-con e-child\" data-id=\"f837301\" data-element_type=\"container\" data-e-type=\"container\">\n\t\t\t\t<div class=\"elementor-element elementor-element-586f18f elementor-widget elementor-widget-heading\" data-id=\"586f18f\" data-element_type=\"widget\" data-e-type=\"widget\" data-widget_type=\"heading.default\">\n\t\t\t\t\t<h2 class=\"elementor-heading-title elementor-size-default\">Maintenance et petits travaux<\/h2>\t\t\t\t<\/div>\n\t\t\t\t<div class=\"elementor-element elementor-element-2ffe57c elementor-widget elementor-widget-text-editor\" data-id=\"2ffe57c\" data-element_type=\"widget\" data-e-type=\"widget\" data-widget_type=\"text-editor.default\">\n\t\t\t\t\t\t\t\t\t<p>Vous habitez loin et ne pouvez vous d\u00e9placer pour les petites interventions dans votre logement, appelez nous pour les petits travaux, changement d&rsquo;ampoules ou un \u00e9vier bouch\u00e9. Nous avons une \u00e9quipe de professionnels \u00e0 votre service.<\/p>\t\t\t\t\t\t\t\t<\/div>\n\t\t\t\t<div class=\"elementor-element elementor-element-36d48fc elementor-widget elementor-widget-text-editor\" data-id=\"36d48fc\" data-element_type=\"widget\" data-e-type=\"widget\" data-widget_type=\"text-editor.default\">\n\t\t\t\t\t\t\t\t\t<p><br><\/p>\n<p>Tarif horaire&nbsp;&#8230;&#8230;&#8230;&#8230;&#8230;&#8230;&#8230;&#8230;&#8230;&#8230;.<strong>40\u20ac<\/strong><\/p>\n<p><b><br><\/b>Petits travaux: changement d&rsquo;ampoules, entretien technique courant, nettoyage siphon, joint de douche et baignoire&#8230;<br><\/p>\n<p>Autres prestations: nous consulter<\/p>\t\t\t\t\t\t\t\t<\/div>\n\t\t\t\t<div class=\"elementor-element elementor-element-ccc529f elementor-align-center elementor-widget elementor-widget-button\" data-id=\"ccc529f\" data-element_type=\"widget\" data-e-type=\"widget\" data-widget_type=\"button.default\">\n\t\t\t\t\t\t\t\t\t\t<a class=\"elementor-button elementor-button-link elementor-size-sm elementor-animation-grow\" href=\"https:\/\/www.lesclesdelauraconciergerie.com\/index.php\/conciergerie-airbnb-dans-l-herault\/\">\n\t\t\t\t\t\t<span class=\"elementor-button-content-wrapper\">\n\t\t\t\t\t\t<span class=\"elementor-button-icon\">\n\t\t\t\t<svg aria-hidden=\"true\" class=\"e-font-icon-svg e-fas-long-arrow-alt-right\" viewBox=\"0 0 448 512\" xmlns=\"http:\/\/www.w3.org\/2000\/svg\"><path d=\"M313.941 216H12c-6.627 0-12 5.373-12 12v56c0 6.627 5.373 12 12 12h301.941v46.059c0 21.382 25.851 32.09 40.971 16.971l86.059-86.059c9.373-9.373 9.373-24.569 0-33.941l-86.059-86.059c-15.119-15.119-40.971-4.411-40.971 16.971V216z\"><\/path><\/svg>\t\t\t<\/span>\n\t\t\t\t\t\t\t\t\t<span class=\"elementor-button-text\">Je n'ai pas le temps de faire la maintenance !<\/span>\n\t\t\t\t\t<\/span>\n\t\t\t\t\t<\/a>\n\t\t\t\t\t\t\t\t<\/div>\n\t\t\t\t<\/div>\n\t\t\t\t\t<\/div>\n\t\t\t\t<\/div>\n\t\t\t\t<\/div>\n\t\t","protected":false},"excerpt":{"rendered":"<p>Nos services a la carte Nous proposons aussi un accompagnement \u00e0 la carte pour g\u00e9rer votre location saisonni\u00e8re en toute s\u00e9r\u00e9nit\u00e9. Gardez la main sur les actions que vous souhaitez, et laissez nous nous occuper des t\u00e2ches qui vous prennent le plus de temps.\u00a0En fonction de vos besoins, nous pouvons nous occuper seulement d&rsquo;une partie: [&hellip;]<\/p>\n","protected":false},"author":1,"featured_media":0,"parent":0,"menu_order":0,"comment_status":"closed","ping_status":"closed","template":"elementor_canvas","meta":{"footnotes":""},"class_list":["post-2282","page","type-page","status-publish","hentry"],"yoast_head":"<!-- This site is optimized with the Yoast SEO plugin v27.0 - https:\/\/yoast.com\/product\/yoast-seo-wordpress\/ -->\n<title>\u00c0 la carte - Les Cl\u00e9s de Laura<\/title>\n<meta name=\"description\" content=\"Acc\u00e9dez \u00e0 nos services de conciergerie \u00e0 la carte, pens\u00e9s pour vous offrir confort, s\u00e9r\u00e9nit\u00e9 et prestations sur mesure.\" \/>\n<meta name=\"robots\" content=\"index, follow, max-snippet:-1, max-image-preview:large, max-video-preview:-1\" \/>\n<link rel=\"canonical\" href=\"https:\/\/www.lesclesdelauraconciergerie.com\/index.php\/a-la-carte\/\" \/>\n<meta property=\"og:locale\" content=\"fr_FR\" \/>\n<meta property=\"og:type\" content=\"article\" \/>\n<meta property=\"og:title\" content=\"\u00c0 la carte - Les Cl\u00e9s de Laura\" \/>\n<meta property=\"og:description\" content=\"Acc\u00e9dez \u00e0 nos services de conciergerie \u00e0 la carte, pens\u00e9s pour vous offrir confort, s\u00e9r\u00e9nit\u00e9 et prestations sur mesure.\" \/>\n<meta property=\"og:url\" content=\"https:\/\/www.lesclesdelauraconciergerie.com\/index.php\/a-la-carte\/\" \/>\n<meta property=\"og:site_name\" content=\"Les Cl\u00e9s de Laura\" \/>\n<meta property=\"article:modified_time\" content=\"2026-03-06T17:23:15+00:00\" \/>\n<meta name=\"twitter:card\" content=\"summary_large_image\" \/>\n<meta name=\"twitter:label1\" content=\"Dur\u00e9e de lecture estim\u00e9e\" \/>\n\t<meta name=\"twitter:data1\" content=\"5 minutes\" \/>\n<script type=\"application\/ld+json\" class=\"yoast-schema-graph\">{\"@context\":\"https:\/\/schema.org\",\"@graph\":[{\"@type\":\"WebPage\",\"@id\":\"https:\/\/www.lesclesdelauraconciergerie.com\/index.php\/a-la-carte\/\",\"url\":\"https:\/\/www.lesclesdelauraconciergerie.com\/index.php\/a-la-carte\/\",\"name\":\"\u00c0 la carte - Les Cl\u00e9s de Laura\",\"isPartOf\":{\"@id\":\"https:\/\/www.lesclesdelauraconciergerie.com\/#website\"},\"datePublished\":\"2026-02-20T19:11:14+00:00\",\"dateModified\":\"2026-03-06T17:23:15+00:00\",\"description\":\"Acc\u00e9dez \u00e0 nos services de conciergerie \u00e0 la carte, pens\u00e9s pour vous offrir confort, s\u00e9r\u00e9nit\u00e9 et prestations sur mesure.\",\"breadcrumb\":{\"@id\":\"https:\/\/www.lesclesdelauraconciergerie.com\/index.php\/a-la-carte\/#breadcrumb\"},\"inLanguage\":\"fr-FR\",\"potentialAction\":[{\"@type\":\"ReadAction\",\"target\":[\"https:\/\/www.lesclesdelauraconciergerie.com\/index.php\/a-la-carte\/\"]}]},{\"@type\":\"BreadcrumbList\",\"@id\":\"https:\/\/www.lesclesdelauraconciergerie.com\/index.php\/a-la-carte\/#breadcrumb\",\"itemListElement\":[{\"@type\":\"ListItem\",\"position\":1,\"name\":\"Accueil\",\"item\":\"https:\/\/www.lesclesdelauraconciergerie.com\/\"},{\"@type\":\"ListItem\",\"position\":2,\"name\":\"\u00c0 la carte\"}]},{\"@type\":\"WebSite\",\"@id\":\"https:\/\/www.lesclesdelauraconciergerie.com\/#website\",\"url\":\"https:\/\/www.lesclesdelauraconciergerie.com\/\",\"name\":\"Les Cl\u00e9s de Laura\",\"description\":\"L\u2019excellence au service de votre temps\",\"publisher\":{\"@id\":\"https:\/\/www.lesclesdelauraconciergerie.com\/#organization\"},\"potentialAction\":[{\"@type\":\"SearchAction\",\"target\":{\"@type\":\"EntryPoint\",\"urlTemplate\":\"https:\/\/www.lesclesdelauraconciergerie.com\/?s={search_term_string}\"},\"query-input\":{\"@type\":\"PropertyValueSpecification\",\"valueRequired\":true,\"valueName\":\"search_term_string\"}}],\"inLanguage\":\"fr-FR\"},{\"@type\":\"Organization\",\"@id\":\"https:\/\/www.lesclesdelauraconciergerie.com\/#organization\",\"name\":\"Les Cl\u00e9s de Laura\",\"url\":\"https:\/\/www.lesclesdelauraconciergerie.com\/\",\"logo\":{\"@type\":\"ImageObject\",\"inLanguage\":\"fr-FR\",\"@id\":\"https:\/\/www.lesclesdelauraconciergerie.com\/#\/schema\/logo\/image\/\",\"url\":\"https:\/\/www.lesclesdelauraconciergerie.com\/wp-content\/uploads\/2026\/01\/cropped-Logo-NOIR-sans-fond.png\",\"contentUrl\":\"https:\/\/www.lesclesdelauraconciergerie.com\/wp-content\/uploads\/2026\/01\/cropped-Logo-NOIR-sans-fond.png\",\"width\":1278,\"height\":623,\"caption\":\"Les Cl\u00e9s de Laura\"},\"image\":{\"@id\":\"https:\/\/www.lesclesdelauraconciergerie.com\/#\/schema\/logo\/image\/\"}}]}<\/script>\n<!-- \/ Yoast SEO plugin. -->","yoast_head_json":{"title":"\u00c0 la carte - Les Cl\u00e9s de Laura","description":"Acc\u00e9dez \u00e0 nos services de conciergerie \u00e0 la carte, pens\u00e9s pour vous offrir confort, s\u00e9r\u00e9nit\u00e9 et prestations sur mesure.","robots":{"index":"index","follow":"follow","max-snippet":"max-snippet:-1","max-image-preview":"max-image-preview:large","max-video-preview":"max-video-preview:-1"},"canonical":"https:\/\/www.lesclesdelauraconciergerie.com\/index.php\/a-la-carte\/","og_locale":"fr_FR","og_type":"article","og_title":"\u00c0 la carte - Les Cl\u00e9s de Laura","og_description":"Acc\u00e9dez \u00e0 nos services de conciergerie \u00e0 la carte, pens\u00e9s pour vous offrir confort, s\u00e9r\u00e9nit\u00e9 et prestations sur mesure.","og_url":"https:\/\/www.lesclesdelauraconciergerie.com\/index.php\/a-la-carte\/","og_site_name":"Les Cl\u00e9s de Laura","article_modified_time":"2026-03-06T17:23:15+00:00","twitter_card":"summary_large_image","twitter_misc":{"Dur\u00e9e de lecture estim\u00e9e":"5 minutes"},"schema":{"@context":"https:\/\/schema.org","@graph":[{"@type":"WebPage","@id":"https:\/\/www.lesclesdelauraconciergerie.com\/index.php\/a-la-carte\/","url":"https:\/\/www.lesclesdelauraconciergerie.com\/index.php\/a-la-carte\/","name":"\u00c0 la carte - Les Cl\u00e9s de Laura","isPartOf":{"@id":"https:\/\/www.lesclesdelauraconciergerie.com\/#website"},"datePublished":"2026-02-20T19:11:14+00:00","dateModified":"2026-03-06T17:23:15+00:00","description":"Acc\u00e9dez \u00e0 nos services de conciergerie \u00e0 la carte, pens\u00e9s pour vous offrir confort, s\u00e9r\u00e9nit\u00e9 et prestations sur mesure.","breadcrumb":{"@id":"https:\/\/www.lesclesdelauraconciergerie.com\/index.php\/a-la-carte\/#breadcrumb"},"inLanguage":"fr-FR","potentialAction":[{"@type":"ReadAction","target":["https:\/\/www.lesclesdelauraconciergerie.com\/index.php\/a-la-carte\/"]}]},{"@type":"BreadcrumbList","@id":"https:\/\/www.lesclesdelauraconciergerie.com\/index.php\/a-la-carte\/#breadcrumb","itemListElement":[{"@type":"ListItem","position":1,"name":"Accueil","item":"https:\/\/www.lesclesdelauraconciergerie.com\/"},{"@type":"ListItem","position":2,"name":"\u00c0 la carte"}]},{"@type":"WebSite","@id":"https:\/\/www.lesclesdelauraconciergerie.com\/#website","url":"https:\/\/www.lesclesdelauraconciergerie.com\/","name":"Les Cl\u00e9s de Laura","description":"L\u2019excellence au service de votre temps","publisher":{"@id":"https:\/\/www.lesclesdelauraconciergerie.com\/#organization"},"potentialAction":[{"@type":"SearchAction","target":{"@type":"EntryPoint","urlTemplate":"https:\/\/www.lesclesdelauraconciergerie.com\/?s={search_term_string}"},"query-input":{"@type":"PropertyValueSpecification","valueRequired":true,"valueName":"search_term_string"}}],"inLanguage":"fr-FR"},{"@type":"Organization","@id":"https:\/\/www.lesclesdelauraconciergerie.com\/#organization","name":"Les Cl\u00e9s de Laura","url":"https:\/\/www.lesclesdelauraconciergerie.com\/","logo":{"@type":"ImageObject","inLanguage":"fr-FR","@id":"https:\/\/www.lesclesdelauraconciergerie.com\/#\/schema\/logo\/image\/","url":"https:\/\/www.lesclesdelauraconciergerie.com\/wp-content\/uploads\/2026\/01\/cropped-Logo-NOIR-sans-fond.png","contentUrl":"https:\/\/www.lesclesdelauraconciergerie.com\/wp-content\/uploads\/2026\/01\/cropped-Logo-NOIR-sans-fond.png","width":1278,"height":623,"caption":"Les Cl\u00e9s de Laura"},"image":{"@id":"https:\/\/www.lesclesdelauraconciergerie.com\/#\/schema\/logo\/image\/"}}]}},"_links":{"self":[{"href":"https:\/\/www.lesclesdelauraconciergerie.com\/index.php\/wp-json\/wp\/v2\/pages\/2282","targetHints":{"allow":["GET"]}}],"collection":[{"href":"https:\/\/www.lesclesdelauraconciergerie.com\/index.php\/wp-json\/wp\/v2\/pages"}],"about":[{"href":"https:\/\/www.lesclesdelauraconciergerie.com\/index.php\/wp-json\/wp\/v2\/types\/page"}],"author":[{"embeddable":true,"href":"https:\/\/www.lesclesdelauraconciergerie.com\/index.php\/wp-json\/wp\/v2\/users\/1"}],"replies":[{"embeddable":true,"href":"https:\/\/www.lesclesdelauraconciergerie.com\/index.php\/wp-json\/wp\/v2\/comments?post=2282"}],"version-history":[{"count":222,"href":"https:\/\/www.lesclesdelauraconciergerie.com\/index.php\/wp-json\/wp\/v2\/pages\/2282\/revisions"}],"predecessor-version":[{"id":4198,"href":"https:\/\/www.lesclesdelauraconciergerie.com\/index.php\/wp-json\/wp\/v2\/pages\/2282\/revisions\/4198"}],"wp:attachment":[{"href":"https:\/\/www.lesclesdelauraconciergerie.com\/index.php\/wp-json\/wp\/v2\/media?parent=2282"}],"curies":[{"name":"wp","href":"https:\/\/api.w.org\/{rel}","templated":true}]}}