{"id":1685,"date":"2026-02-16T18:47:47","date_gmt":"2026-02-16T18:47:47","guid":{"rendered":"https:\/\/www.lesclesdelauraconciergerie.com\/?page_id=1685"},"modified":"2026-03-06T17:29:29","modified_gmt":"2026-03-06T17:29:29","slug":"pack-lancement-location-courte-duree","status":"publish","type":"page","link":"https:\/\/www.lesclesdelauraconciergerie.com\/index.php\/pack-lancement-location-courte-duree\/","title":{"rendered":"Pack Lancement"},"content":{"rendered":"\t\t<div data-elementor-type=\"wp-page\" data-elementor-id=\"1685\" class=\"elementor elementor-1685\">\n\t\t\t\t<div class=\"elementor-element elementor-element-63f8bf99 e-flex e-con-boxed e-con e-parent\" data-id=\"63f8bf99\" data-element_type=\"container\" data-e-type=\"container\" data-settings=\"{&quot;background_background&quot;:&quot;classic&quot;}\">\n\t\t\t\t\t<div class=\"e-con-inner\">\n\t\t\t\t<div class=\"elementor-element elementor-element-4b5033ff elementor-widget elementor-widget-heading\" data-id=\"4b5033ff\" data-element_type=\"widget\" data-e-type=\"widget\" data-widget_type=\"heading.default\">\n\t\t\t\t\t<h2 class=\"elementor-heading-title elementor-size-default\">Pack lancement<\/h2>\t\t\t\t<\/div>\n\t\t\t\t<div class=\"elementor-element elementor-element-b2509b2 elementor-widget elementor-widget-heading\" data-id=\"b2509b2\" data-element_type=\"widget\" data-e-type=\"widget\" data-widget_type=\"heading.default\">\n\t\t\t\t\t<h2 class=\"elementor-heading-title elementor-size-default\">Location courte dur\u00e9e<\/h2>\t\t\t\t<\/div>\n\t\t\t\t\t<\/div>\n\t\t\t\t<\/div>\n\t\t<div class=\"elementor-element elementor-element-0e73049 e-flex e-con-boxed e-con e-parent\" data-id=\"0e73049\" data-element_type=\"container\" data-e-type=\"container\">\n\t\t\t\t\t<div class=\"e-con-inner\">\n\t\t<div class=\"elementor-element elementor-element-aa9dcd1 e-con-full e-flex e-con e-child\" data-id=\"aa9dcd1\" data-element_type=\"container\" data-e-type=\"container\">\n\t\t\t\t<div class=\"elementor-element elementor-element-4b0d943 elementor-widget elementor-widget-image\" data-id=\"4b0d943\" data-element_type=\"widget\" data-e-type=\"widget\" data-widget_type=\"image.default\">\n\t\t\t\t\t\t\t\t\t\t\t\t\t\t\t<img decoding=\"async\" src=\"https:\/\/www.lesclesdelauraconciergerie.com\/wp-content\/uploads\/elementor\/thumbs\/Capture-decran-2026-02-17-a-14.21.04-rjaj5bjtxjqlwse0bxm5t5vfrsj4e2cnz6nsg2b88g.png\" title=\"services de conciergerie\" alt=\"services de conciergerie\" loading=\"lazy\" \/>\t\t\t\t\t\t\t\t\t\t\t\t\t\t\t<\/div>\n\t\t\t\t<\/div>\n\t\t<div class=\"elementor-element elementor-element-6383c56 e-con-full animated-slow e-flex elementor-invisible e-con e-child\" data-id=\"6383c56\" data-element_type=\"container\" data-e-type=\"container\" data-settings=\"{&quot;animation&quot;:&quot;fadeInRight&quot;}\">\n\t\t\t\t<div class=\"elementor-element elementor-element-f008a3b elementor-widget elementor-widget-heading\" data-id=\"f008a3b\" data-element_type=\"widget\" data-e-type=\"widget\" data-widget_type=\"heading.default\">\n\t\t\t\t\t<h2 class=\"elementor-heading-title elementor-size-default\">Location courte dur\u00e9e<\/h2>\t\t\t\t<\/div>\n\t\t\t\t<div class=\"elementor-element elementor-element-800bb47 elementor-widget elementor-widget-heading\" data-id=\"800bb47\" data-element_type=\"widget\" data-e-type=\"widget\" data-widget_type=\"heading.default\">\n\t\t\t\t\t<h2 class=\"elementor-heading-title elementor-size-default\">Pack Lancement<\/h2>\t\t\t\t<\/div>\n\t\t\t\t<div class=\"elementor-element elementor-element-88cd82b elementor-widget elementor-widget-text-editor\" data-id=\"88cd82b\" data-element_type=\"widget\" data-e-type=\"widget\" data-widget_type=\"text-editor.default\">\n\t\t\t\t\t\t\t\t\t<p>Le Pack de lancement est con\u00e7u pour poser des bases solides d\u00e8s le d\u00e9marrage de votre location courte dur\u00e9e.<\/p><p>Il centralise l\u2019ensemble des actions essentielles pour rendre votre logement op\u00e9rationnel, coh\u00e9rent et attractif.<\/p><p>Cette prestation s\u2019adresse aux propri\u00e9taires qui souhaitent d\u00e9buter dans de bonnes conditions, sans approximation ni perte de temps.<\/p>\t\t\t\t\t\t\t\t<\/div>\n\t\t\t\t<\/div>\n\t\t\t\t\t<\/div>\n\t\t\t\t<\/div>\n\t\t<div class=\"elementor-element elementor-element-dca8c4a e-flex e-con-boxed e-con e-parent\" data-id=\"dca8c4a\" data-element_type=\"container\" data-e-type=\"container\">\n\t\t\t\t\t<div class=\"e-con-inner\">\n\t\t<div class=\"elementor-element elementor-element-7c80178 e-con-full animated-slow e-flex elementor-invisible e-con e-child\" data-id=\"7c80178\" data-element_type=\"container\" data-e-type=\"container\" data-settings=\"{&quot;animation&quot;:&quot;fadeInLeft&quot;}\">\n\t\t\t\t<div class=\"elementor-element elementor-element-e8ee330 elementor-widget elementor-widget-heading\" data-id=\"e8ee330\" data-element_type=\"widget\" data-e-type=\"widget\" data-widget_type=\"heading.default\">\n\t\t\t\t\t<h2 class=\"elementor-heading-title elementor-size-default\">Notre pack lancement vous offre :<\/h2>\t\t\t\t<\/div>\n\t\t\t\t<div class=\"elementor-element elementor-element-c40d106 elementor-widget elementor-widget-text-editor\" data-id=\"c40d106\" data-element_type=\"widget\" data-e-type=\"widget\" data-widget_type=\"text-editor.default\">\n\t\t\t\t\t\t\t\t\t<p>Ce&nbsp;<span data-start=\"592\" data-end=\"646\">pack de lancement<\/span>&nbsp;constitue un soutien essentiel au lancement de votre activit\u00e9 : il garantit la r\u00e9ussite de votre bien, vous permet de gagner du&nbsp;temps, d\u2019accro\u00eetre votre visibilit\u00e9 et d\u2019optimiser votre rentabilit\u00e9 d\u00e8s le premier jour.<\/p>\t\t\t\t\t\t\t\t<\/div>\n\t\t\t\t<div class=\"elementor-element elementor-element-2af52e9 elementor-icon-list--layout-traditional elementor-list-item-link-full_width elementor-widget elementor-widget-icon-list\" data-id=\"2af52e9\" data-element_type=\"widget\" data-e-type=\"widget\" data-widget_type=\"icon-list.default\">\n\t\t\t\t\t\t\t<ul class=\"elementor-icon-list-items\">\n\t\t\t\t\t\t\t<li class=\"elementor-icon-list-item\">\n\t\t\t\t\t\t\t\t\t\t\t<span class=\"elementor-icon-list-icon\">\n\t\t\t\t\t\t\t<svg aria-hidden=\"true\" class=\"e-font-icon-svg e-far-heart\" viewBox=\"0 0 512 512\" xmlns=\"http:\/\/www.w3.org\/2000\/svg\"><path d=\"M458.4 64.3C400.6 15.7 311.3 23 256 79.3 200.7 23 111.4 15.6 53.6 64.3-21.6 127.6-10.6 230.8 43 285.5l175.4 178.7c10 10.2 23.4 15.9 37.6 15.9 14.3 0 27.6-5.6 37.6-15.8L469 285.6c53.5-54.7 64.7-157.9-10.6-221.3zm-23.6 187.5L259.4 430.5c-2.4 2.4-4.4 2.4-6.8 0L77.2 251.8c-36.5-37.2-43.9-107.6 7.3-150.7 38.9-32.7 98.9-27.8 136.5 10.5l35 35.7 35-35.7c37.8-38.5 97.8-43.2 136.5-10.6 51.1 43.1 43.5 113.9 7.3 150.8z\"><\/path><\/svg>\t\t\t\t\t\t<\/span>\n\t\t\t\t\t\t\t\t\t\t<span class=\"elementor-icon-list-text\">Photographies professionnelles,<\/span>\n\t\t\t\t\t\t\t\t\t<\/li>\n\t\t\t\t\t\t\t\t<li class=\"elementor-icon-list-item\">\n\t\t\t\t\t\t\t\t\t\t\t<span class=\"elementor-icon-list-icon\">\n\t\t\t\t\t\t\t<svg aria-hidden=\"true\" class=\"e-font-icon-svg e-far-heart\" viewBox=\"0 0 512 512\" xmlns=\"http:\/\/www.w3.org\/2000\/svg\"><path d=\"M458.4 64.3C400.6 15.7 311.3 23 256 79.3 200.7 23 111.4 15.6 53.6 64.3-21.6 127.6-10.6 230.8 43 285.5l175.4 178.7c10 10.2 23.4 15.9 37.6 15.9 14.3 0 27.6-5.6 37.6-15.8L469 285.6c53.5-54.7 64.7-157.9-10.6-221.3zm-23.6 187.5L259.4 430.5c-2.4 2.4-4.4 2.4-6.8 0L77.2 251.8c-36.5-37.2-43.9-107.6 7.3-150.7 38.9-32.7 98.9-27.8 136.5 10.5l35 35.7 35-35.7c37.8-38.5 97.8-43.2 136.5-10.6 51.1 43.1 43.5 113.9 7.3 150.8z\"><\/path><\/svg>\t\t\t\t\t\t<\/span>\n\t\t\t\t\t\t\t\t\t\t<span class=\"elementor-icon-list-text\">Cr\u00e9ation de l\u2019annonce et mise en ligne sur les diff\u00e9rentes plateformes,<\/span>\n\t\t\t\t\t\t\t\t\t<\/li>\n\t\t\t\t\t\t\t\t<li class=\"elementor-icon-list-item\">\n\t\t\t\t\t\t\t\t\t\t\t<span class=\"elementor-icon-list-icon\">\n\t\t\t\t\t\t\t<svg aria-hidden=\"true\" class=\"e-font-icon-svg e-far-heart\" viewBox=\"0 0 512 512\" xmlns=\"http:\/\/www.w3.org\/2000\/svg\"><path d=\"M458.4 64.3C400.6 15.7 311.3 23 256 79.3 200.7 23 111.4 15.6 53.6 64.3-21.6 127.6-10.6 230.8 43 285.5l175.4 178.7c10 10.2 23.4 15.9 37.6 15.9 14.3 0 27.6-5.6 37.6-15.8L469 285.6c53.5-54.7 64.7-157.9-10.6-221.3zm-23.6 187.5L259.4 430.5c-2.4 2.4-4.4 2.4-6.8 0L77.2 251.8c-36.5-37.2-43.9-107.6 7.3-150.7 38.9-32.7 98.9-27.8 136.5 10.5l35 35.7 35-35.7c37.8-38.5 97.8-43.2 136.5-10.6 51.1 43.1 43.5 113.9 7.3 150.8z\"><\/path><\/svg>\t\t\t\t\t\t<\/span>\n\t\t\t\t\t\t\t\t\t\t<span class=\"elementor-icon-list-text\">Cr\u00e9ation d\u2019un livret d\u2019accueil personnalis\u00e9 num\u00e9rique,<\/span>\n\t\t\t\t\t\t\t\t\t<\/li>\n\t\t\t\t\t\t\t\t<li class=\"elementor-icon-list-item\">\n\t\t\t\t\t\t\t\t\t\t\t<span class=\"elementor-icon-list-icon\">\n\t\t\t\t\t\t\t<svg aria-hidden=\"true\" class=\"e-font-icon-svg e-far-heart\" viewBox=\"0 0 512 512\" xmlns=\"http:\/\/www.w3.org\/2000\/svg\"><path d=\"M458.4 64.3C400.6 15.7 311.3 23 256 79.3 200.7 23 111.4 15.6 53.6 64.3-21.6 127.6-10.6 230.8 43 285.5l175.4 178.7c10 10.2 23.4 15.9 37.6 15.9 14.3 0 27.6-5.6 37.6-15.8L469 285.6c53.5-54.7 64.7-157.9-10.6-221.3zm-23.6 187.5L259.4 430.5c-2.4 2.4-4.4 2.4-6.8 0L77.2 251.8c-36.5-37.2-43.9-107.6 7.3-150.7 38.9-32.7 98.9-27.8 136.5 10.5l35 35.7 35-35.7c37.8-38.5 97.8-43.2 136.5-10.6 51.1 43.1 43.5 113.9 7.3 150.8z\"><\/path><\/svg>\t\t\t\t\t\t<\/span>\n\t\t\t\t\t\t\t\t\t\t<span class=\"elementor-icon-list-text\">Mise en place du m\u00e9nage,<\/span>\n\t\t\t\t\t\t\t\t\t<\/li>\n\t\t\t\t\t\t\t\t<li class=\"elementor-icon-list-item\">\n\t\t\t\t\t\t\t\t\t\t\t<span class=\"elementor-icon-list-icon\">\n\t\t\t\t\t\t\t<svg aria-hidden=\"true\" class=\"e-font-icon-svg e-far-heart\" viewBox=\"0 0 512 512\" xmlns=\"http:\/\/www.w3.org\/2000\/svg\"><path d=\"M458.4 64.3C400.6 15.7 311.3 23 256 79.3 200.7 23 111.4 15.6 53.6 64.3-21.6 127.6-10.6 230.8 43 285.5l175.4 178.7c10 10.2 23.4 15.9 37.6 15.9 14.3 0 27.6-5.6 37.6-15.8L469 285.6c53.5-54.7 64.7-157.9-10.6-221.3zm-23.6 187.5L259.4 430.5c-2.4 2.4-4.4 2.4-6.8 0L77.2 251.8c-36.5-37.2-43.9-107.6 7.3-150.7 38.9-32.7 98.9-27.8 136.5 10.5l35 35.7 35-35.7c37.8-38.5 97.8-43.2 136.5-10.6 51.1 43.1 43.5 113.9 7.3 150.8z\"><\/path><\/svg>\t\t\t\t\t\t<\/span>\n\t\t\t\t\t\t\t\t\t\t<span class=\"elementor-icon-list-text\">Accompagnement pour la d\u00e9coration et les suggestions d\u2019\u00e9quipements.<\/span>\n\t\t\t\t\t\t\t\t\t<\/li>\n\t\t\t\t\t\t<\/ul>\n\t\t\t\t\t\t<\/div>\n\t\t\t\t<\/div>\n\t\t<div class=\"elementor-element elementor-element-531524a e-con-full e-flex e-con e-child\" data-id=\"531524a\" data-element_type=\"container\" data-e-type=\"container\">\n\t\t\t\t<div class=\"elementor-element elementor-element-580dab6 elementor-widget elementor-widget-image\" data-id=\"580dab6\" data-element_type=\"widget\" data-e-type=\"widget\" data-widget_type=\"image.default\">\n\t\t\t\t\t\t\t\t\t\t\t\t\t\t\t<img decoding=\"async\" src=\"https:\/\/www.lesclesdelauraconciergerie.com\/wp-content\/uploads\/elementor\/thumbs\/Capture-decran-2026-02-23-a-18.44.45-rjlcqfisj722xo4tjd4uuz44usjpqb2fl1aj5v52sw.png\" title=\"Capture d\u2019e\u0301cran 2026-02-23 a\u0300 18.44.45\" alt=\"Capture d\u2019e\u0301cran 2026-02-23 a\u0300 18.44.45\" loading=\"lazy\" \/>\t\t\t\t\t\t\t\t\t\t\t\t\t\t\t<\/div>\n\t\t\t\t<\/div>\n\t\t\t\t\t<\/div>\n\t\t\t\t<\/div>\n\t\t<div class=\"elementor-element elementor-element-4d29a94 e-flex e-con-boxed e-con e-parent\" data-id=\"4d29a94\" data-element_type=\"container\" data-e-type=\"container\">\n\t\t\t\t\t<div class=\"e-con-inner\">\n\t\t\t\t<div class=\"elementor-element elementor-element-84788ee elementor-align-center elementor-widget elementor-widget-button\" data-id=\"84788ee\" data-element_type=\"widget\" data-e-type=\"widget\" data-widget_type=\"button.default\">\n\t\t\t\t\t\t\t\t\t\t<a class=\"elementor-button elementor-button-link elementor-size-sm elementor-animation-grow\" href=\"https:\/\/www.lesclesdelauraconciergerie.com\/index.php\/services-de-conciergerie\/\">\n\t\t\t\t\t\t<span class=\"elementor-button-content-wrapper\">\n\t\t\t\t\t\t<span class=\"elementor-button-icon\">\n\t\t\t\t<svg aria-hidden=\"true\" class=\"e-font-icon-svg e-fas-long-arrow-alt-right\" viewBox=\"0 0 448 512\" xmlns=\"http:\/\/www.w3.org\/2000\/svg\"><path d=\"M313.941 216H12c-6.627 0-12 5.373-12 12v56c0 6.627 5.373 12 12 12h301.941v46.059c0 21.382 25.851 32.09 40.971 16.971l86.059-86.059c9.373-9.373 9.373-24.569 0-33.941l-86.059-86.059c-15.119-15.119-40.971-4.411-40.971 16.971V216z\"><\/path><\/svg>\t\t\t<\/span>\n\t\t\t\t\t\t\t\t\t<span class=\"elementor-button-text\">Calculez en 1 clic ce qu\u2019il vous reste r\u00e9ellement par nuit.<\/span>\n\t\t\t\t\t<\/span>\n\t\t\t\t\t<\/a>\n\t\t\t\t\t\t\t\t<\/div>\n\t\t\t\t\t<\/div>\n\t\t\t\t<\/div>\n\t\t<div class=\"elementor-element elementor-element-197c9e5a e-flex e-con-boxed e-con e-parent\" data-id=\"197c9e5a\" data-element_type=\"container\" data-e-type=\"container\">\n\t\t\t\t\t<div class=\"e-con-inner\">\n\t\t<div class=\"elementor-element elementor-element-1b6c191d e-con-full e-flex e-con e-child\" data-id=\"1b6c191d\" data-element_type=\"container\" data-e-type=\"container\" data-settings=\"{&quot;background_background&quot;:&quot;classic&quot;}\">\n\t\t\t\t<div class=\"elementor-element elementor-element-010d703 elementor-widget elementor-widget-spacer\" data-id=\"010d703\" data-element_type=\"widget\" data-e-type=\"widget\" data-widget_type=\"spacer.default\">\n\t\t\t\t\t\t\t<div class=\"elementor-spacer\">\n\t\t\t<div class=\"elementor-spacer-inner\"><\/div>\n\t\t<\/div>\n\t\t\t\t\t\t<\/div>\n\t\t\t\t<\/div>\n\t\t<div class=\"elementor-element elementor-element-704c0b2a e-con-full e-flex e-con e-child\" data-id=\"704c0b2a\" data-element_type=\"container\" data-e-type=\"container\">\n\t\t\t\t<div class=\"elementor-element elementor-element-00a3e1e elementor-widget elementor-widget-heading\" data-id=\"00a3e1e\" data-element_type=\"widget\" data-e-type=\"widget\" data-widget_type=\"heading.default\">\n\t\t\t\t\t<h2 class=\"elementor-heading-title elementor-size-default\">\u00e0 partir de<\/h2>\t\t\t\t<\/div>\n\t\t\t\t<div class=\"elementor-element elementor-element-44123d6 elementor-widget__width-initial elementor-widget elementor-widget-heading\" data-id=\"44123d6\" data-element_type=\"widget\" data-e-type=\"widget\" data-widget_type=\"heading.default\">\n\t\t\t\t\t<h2 class=\"elementor-heading-title elementor-size-default\">250\u20ac<\/h2>\t\t\t\t<\/div>\n\t\t\t\t<\/div>\n\t\t\t\t\t<\/div>\n\t\t\t\t<\/div>\n\t\t<div class=\"elementor-element elementor-element-36a17d4 e-flex e-con-boxed e-con e-parent\" data-id=\"36a17d4\" data-element_type=\"container\" data-e-type=\"container\">\n\t\t\t\t\t<div class=\"e-con-inner\">\n\t\t\t\t\t<\/div>\n\t\t\t\t<\/div>\n\t\t\t\t<\/div>\n\t\t","protected":false},"excerpt":{"rendered":"<p>Pack lancement Location courte dur\u00e9e Location courte dur\u00e9e Pack Lancement Le Pack de lancement est con\u00e7u pour poser des bases solides d\u00e8s le d\u00e9marrage de votre location courte dur\u00e9e. Il centralise l\u2019ensemble des actions essentielles pour rendre votre logement op\u00e9rationnel, coh\u00e9rent et attractif. Cette prestation s\u2019adresse aux propri\u00e9taires qui souhaitent d\u00e9buter dans de bonnes conditions, [&hellip;]<\/p>\n","protected":false},"author":1,"featured_media":0,"parent":0,"menu_order":0,"comment_status":"closed","ping_status":"closed","template":"elementor_canvas","meta":{"footnotes":""},"class_list":["post-1685","page","type-page","status-publish","hentry"],"yoast_head":"<!-- This site is optimized with the Yoast SEO plugin v27.0 - https:\/\/yoast.com\/product\/yoast-seo-wordpress\/ -->\n<title>Pack Lancement - Les Cl\u00e9s de Laura<\/title>\n<meta name=\"description\" content=\"Pack lancement haut de gamme pour location courte dur\u00e9e dans le gard et l&#039;h\u00e9raut: valorisation de votre bien, annonce performante...\" \/>\n<meta name=\"robots\" content=\"index, follow, max-snippet:-1, max-image-preview:large, max-video-preview:-1\" \/>\n<link rel=\"canonical\" href=\"https:\/\/www.lesclesdelauraconciergerie.com\/index.php\/pack-lancement-location-courte-duree\/\" \/>\n<meta property=\"og:locale\" content=\"fr_FR\" \/>\n<meta property=\"og:type\" content=\"article\" \/>\n<meta property=\"og:title\" content=\"Pack Lancement - Les Cl\u00e9s de Laura\" \/>\n<meta property=\"og:description\" content=\"Pack lancement haut de gamme pour location courte dur\u00e9e dans le gard et l&#039;h\u00e9raut: valorisation de votre bien, annonce performante...\" \/>\n<meta property=\"og:url\" content=\"https:\/\/www.lesclesdelauraconciergerie.com\/index.php\/pack-lancement-location-courte-duree\/\" \/>\n<meta property=\"og:site_name\" content=\"Les Cl\u00e9s de Laura\" \/>\n<meta property=\"article:modified_time\" content=\"2026-03-06T17:29:29+00:00\" \/>\n<meta property=\"og:image\" content=\"https:\/\/www.lesclesdelauraconciergerie.com\/wp-content\/uploads\/elementor\/thumbs\/Capture-decran-2026-02-17-a-14.21.04-rjaj5bjtxjqlwse0bxm5t5vfrsj4e2cnz6nsg2b88g.png\" \/>\n<meta name=\"twitter:card\" content=\"summary_large_image\" \/>\n<meta name=\"twitter:label1\" content=\"Dur\u00e9e de lecture estim\u00e9e\" \/>\n\t<meta name=\"twitter:data1\" content=\"1 minute\" \/>\n<script type=\"application\/ld+json\" class=\"yoast-schema-graph\">{\"@context\":\"https:\/\/schema.org\",\"@graph\":[{\"@type\":\"WebPage\",\"@id\":\"https:\/\/www.lesclesdelauraconciergerie.com\/index.php\/pack-lancement-location-courte-duree\/\",\"url\":\"https:\/\/www.lesclesdelauraconciergerie.com\/index.php\/pack-lancement-location-courte-duree\/\",\"name\":\"Pack Lancement - Les Cl\u00e9s de Laura\",\"isPartOf\":{\"@id\":\"https:\/\/www.lesclesdelauraconciergerie.com\/#website\"},\"primaryImageOfPage\":{\"@id\":\"https:\/\/www.lesclesdelauraconciergerie.com\/index.php\/pack-lancement-location-courte-duree\/#primaryimage\"},\"image\":{\"@id\":\"https:\/\/www.lesclesdelauraconciergerie.com\/index.php\/pack-lancement-location-courte-duree\/#primaryimage\"},\"thumbnailUrl\":\"https:\/\/www.lesclesdelauraconciergerie.com\/wp-content\/uploads\/elementor\/thumbs\/Capture-decran-2026-02-17-a-14.21.04-rjaj5bjtxjqlwse0bxm5t5vfrsj4e2cnz6nsg2b88g.png\",\"datePublished\":\"2026-02-16T18:47:47+00:00\",\"dateModified\":\"2026-03-06T17:29:29+00:00\",\"description\":\"Pack lancement haut de gamme pour location courte dur\u00e9e dans le gard et l'h\u00e9raut: valorisation de votre bien, annonce performante...\",\"breadcrumb\":{\"@id\":\"https:\/\/www.lesclesdelauraconciergerie.com\/index.php\/pack-lancement-location-courte-duree\/#breadcrumb\"},\"inLanguage\":\"fr-FR\",\"potentialAction\":[{\"@type\":\"ReadAction\",\"target\":[\"https:\/\/www.lesclesdelauraconciergerie.com\/index.php\/pack-lancement-location-courte-duree\/\"]}]},{\"@type\":\"ImageObject\",\"inLanguage\":\"fr-FR\",\"@id\":\"https:\/\/www.lesclesdelauraconciergerie.com\/index.php\/pack-lancement-location-courte-duree\/#primaryimage\",\"url\":\"https:\/\/www.lesclesdelauraconciergerie.com\/wp-content\/uploads\/elementor\/thumbs\/Capture-decran-2026-02-17-a-14.21.04-rjaj5bjtxjqlwse0bxm5t5vfrsj4e2cnz6nsg2b88g.png\",\"contentUrl\":\"https:\/\/www.lesclesdelauraconciergerie.com\/wp-content\/uploads\/elementor\/thumbs\/Capture-decran-2026-02-17-a-14.21.04-rjaj5bjtxjqlwse0bxm5t5vfrsj4e2cnz6nsg2b88g.png\"},{\"@type\":\"BreadcrumbList\",\"@id\":\"https:\/\/www.lesclesdelauraconciergerie.com\/index.php\/pack-lancement-location-courte-duree\/#breadcrumb\",\"itemListElement\":[{\"@type\":\"ListItem\",\"position\":1,\"name\":\"Accueil\",\"item\":\"https:\/\/www.lesclesdelauraconciergerie.com\/\"},{\"@type\":\"ListItem\",\"position\":2,\"name\":\"Pack Lancement\"}]},{\"@type\":\"WebSite\",\"@id\":\"https:\/\/www.lesclesdelauraconciergerie.com\/#website\",\"url\":\"https:\/\/www.lesclesdelauraconciergerie.com\/\",\"name\":\"Les Cl\u00e9s de Laura\",\"description\":\"L\u2019excellence au service de votre temps\",\"publisher\":{\"@id\":\"https:\/\/www.lesclesdelauraconciergerie.com\/#organization\"},\"potentialAction\":[{\"@type\":\"SearchAction\",\"target\":{\"@type\":\"EntryPoint\",\"urlTemplate\":\"https:\/\/www.lesclesdelauraconciergerie.com\/?s={search_term_string}\"},\"query-input\":{\"@type\":\"PropertyValueSpecification\",\"valueRequired\":true,\"valueName\":\"search_term_string\"}}],\"inLanguage\":\"fr-FR\"},{\"@type\":\"Organization\",\"@id\":\"https:\/\/www.lesclesdelauraconciergerie.com\/#organization\",\"name\":\"Les Cl\u00e9s de Laura\",\"url\":\"https:\/\/www.lesclesdelauraconciergerie.com\/\",\"logo\":{\"@type\":\"ImageObject\",\"inLanguage\":\"fr-FR\",\"@id\":\"https:\/\/www.lesclesdelauraconciergerie.com\/#\/schema\/logo\/image\/\",\"url\":\"https:\/\/www.lesclesdelauraconciergerie.com\/wp-content\/uploads\/2026\/01\/cropped-Logo-NOIR-sans-fond.png\",\"contentUrl\":\"https:\/\/www.lesclesdelauraconciergerie.com\/wp-content\/uploads\/2026\/01\/cropped-Logo-NOIR-sans-fond.png\",\"width\":1278,\"height\":623,\"caption\":\"Les Cl\u00e9s de Laura\"},\"image\":{\"@id\":\"https:\/\/www.lesclesdelauraconciergerie.com\/#\/schema\/logo\/image\/\"}}]}<\/script>\n<!-- \/ Yoast SEO plugin. -->","yoast_head_json":{"title":"Pack Lancement - Les Cl\u00e9s de Laura","description":"Pack lancement haut de gamme pour location courte dur\u00e9e dans le gard et l'h\u00e9raut: valorisation de votre bien, annonce performante...","robots":{"index":"index","follow":"follow","max-snippet":"max-snippet:-1","max-image-preview":"max-image-preview:large","max-video-preview":"max-video-preview:-1"},"canonical":"https:\/\/www.lesclesdelauraconciergerie.com\/index.php\/pack-lancement-location-courte-duree\/","og_locale":"fr_FR","og_type":"article","og_title":"Pack Lancement - Les Cl\u00e9s de Laura","og_description":"Pack lancement haut de gamme pour location courte dur\u00e9e dans le gard et l'h\u00e9raut: valorisation de votre bien, annonce performante...","og_url":"https:\/\/www.lesclesdelauraconciergerie.com\/index.php\/pack-lancement-location-courte-duree\/","og_site_name":"Les Cl\u00e9s de Laura","article_modified_time":"2026-03-06T17:29:29+00:00","og_image":[{"url":"https:\/\/www.lesclesdelauraconciergerie.com\/wp-content\/uploads\/elementor\/thumbs\/Capture-decran-2026-02-17-a-14.21.04-rjaj5bjtxjqlwse0bxm5t5vfrsj4e2cnz6nsg2b88g.png","type":"","width":"","height":""}],"twitter_card":"summary_large_image","twitter_misc":{"Dur\u00e9e de lecture estim\u00e9e":"1 minute"},"schema":{"@context":"https:\/\/schema.org","@graph":[{"@type":"WebPage","@id":"https:\/\/www.lesclesdelauraconciergerie.com\/index.php\/pack-lancement-location-courte-duree\/","url":"https:\/\/www.lesclesdelauraconciergerie.com\/index.php\/pack-lancement-location-courte-duree\/","name":"Pack Lancement - Les Cl\u00e9s de Laura","isPartOf":{"@id":"https:\/\/www.lesclesdelauraconciergerie.com\/#website"},"primaryImageOfPage":{"@id":"https:\/\/www.lesclesdelauraconciergerie.com\/index.php\/pack-lancement-location-courte-duree\/#primaryimage"},"image":{"@id":"https:\/\/www.lesclesdelauraconciergerie.com\/index.php\/pack-lancement-location-courte-duree\/#primaryimage"},"thumbnailUrl":"https:\/\/www.lesclesdelauraconciergerie.com\/wp-content\/uploads\/elementor\/thumbs\/Capture-decran-2026-02-17-a-14.21.04-rjaj5bjtxjqlwse0bxm5t5vfrsj4e2cnz6nsg2b88g.png","datePublished":"2026-02-16T18:47:47+00:00","dateModified":"2026-03-06T17:29:29+00:00","description":"Pack lancement haut de gamme pour location courte dur\u00e9e dans le gard et l'h\u00e9raut: valorisation de votre bien, annonce performante...","breadcrumb":{"@id":"https:\/\/www.lesclesdelauraconciergerie.com\/index.php\/pack-lancement-location-courte-duree\/#breadcrumb"},"inLanguage":"fr-FR","potentialAction":[{"@type":"ReadAction","target":["https:\/\/www.lesclesdelauraconciergerie.com\/index.php\/pack-lancement-location-courte-duree\/"]}]},{"@type":"ImageObject","inLanguage":"fr-FR","@id":"https:\/\/www.lesclesdelauraconciergerie.com\/index.php\/pack-lancement-location-courte-duree\/#primaryimage","url":"https:\/\/www.lesclesdelauraconciergerie.com\/wp-content\/uploads\/elementor\/thumbs\/Capture-decran-2026-02-17-a-14.21.04-rjaj5bjtxjqlwse0bxm5t5vfrsj4e2cnz6nsg2b88g.png","contentUrl":"https:\/\/www.lesclesdelauraconciergerie.com\/wp-content\/uploads\/elementor\/thumbs\/Capture-decran-2026-02-17-a-14.21.04-rjaj5bjtxjqlwse0bxm5t5vfrsj4e2cnz6nsg2b88g.png"},{"@type":"BreadcrumbList","@id":"https:\/\/www.lesclesdelauraconciergerie.com\/index.php\/pack-lancement-location-courte-duree\/#breadcrumb","itemListElement":[{"@type":"ListItem","position":1,"name":"Accueil","item":"https:\/\/www.lesclesdelauraconciergerie.com\/"},{"@type":"ListItem","position":2,"name":"Pack Lancement"}]},{"@type":"WebSite","@id":"https:\/\/www.lesclesdelauraconciergerie.com\/#website","url":"https:\/\/www.lesclesdelauraconciergerie.com\/","name":"Les Cl\u00e9s de Laura","description":"L\u2019excellence au service de votre temps","publisher":{"@id":"https:\/\/www.lesclesdelauraconciergerie.com\/#organization"},"potentialAction":[{"@type":"SearchAction","target":{"@type":"EntryPoint","urlTemplate":"https:\/\/www.lesclesdelauraconciergerie.com\/?s={search_term_string}"},"query-input":{"@type":"PropertyValueSpecification","valueRequired":true,"valueName":"search_term_string"}}],"inLanguage":"fr-FR"},{"@type":"Organization","@id":"https:\/\/www.lesclesdelauraconciergerie.com\/#organization","name":"Les Cl\u00e9s de Laura","url":"https:\/\/www.lesclesdelauraconciergerie.com\/","logo":{"@type":"ImageObject","inLanguage":"fr-FR","@id":"https:\/\/www.lesclesdelauraconciergerie.com\/#\/schema\/logo\/image\/","url":"https:\/\/www.lesclesdelauraconciergerie.com\/wp-content\/uploads\/2026\/01\/cropped-Logo-NOIR-sans-fond.png","contentUrl":"https:\/\/www.lesclesdelauraconciergerie.com\/wp-content\/uploads\/2026\/01\/cropped-Logo-NOIR-sans-fond.png","width":1278,"height":623,"caption":"Les Cl\u00e9s de Laura"},"image":{"@id":"https:\/\/www.lesclesdelauraconciergerie.com\/#\/schema\/logo\/image\/"}}]}},"_links":{"self":[{"href":"https:\/\/www.lesclesdelauraconciergerie.com\/index.php\/wp-json\/wp\/v2\/pages\/1685","targetHints":{"allow":["GET"]}}],"collection":[{"href":"https:\/\/www.lesclesdelauraconciergerie.com\/index.php\/wp-json\/wp\/v2\/pages"}],"about":[{"href":"https:\/\/www.lesclesdelauraconciergerie.com\/index.php\/wp-json\/wp\/v2\/types\/page"}],"author":[{"embeddable":true,"href":"https:\/\/www.lesclesdelauraconciergerie.com\/index.php\/wp-json\/wp\/v2\/users\/1"}],"replies":[{"embeddable":true,"href":"https:\/\/www.lesclesdelauraconciergerie.com\/index.php\/wp-json\/wp\/v2\/comments?post=1685"}],"version-history":[{"count":180,"href":"https:\/\/www.lesclesdelauraconciergerie.com\/index.php\/wp-json\/wp\/v2\/pages\/1685\/revisions"}],"predecessor-version":[{"id":4215,"href":"https:\/\/www.lesclesdelauraconciergerie.com\/index.php\/wp-json\/wp\/v2\/pages\/1685\/revisions\/4215"}],"wp:attachment":[{"href":"https:\/\/www.lesclesdelauraconciergerie.com\/index.php\/wp-json\/wp\/v2\/media?parent=1685"}],"curies":[{"name":"wp","href":"https:\/\/api.w.org\/{rel}","templated":true}]}}