{"id":1315,"date":"2026-02-13T16:46:59","date_gmt":"2026-02-13T16:46:59","guid":{"rendered":"https:\/\/www.lesclesdelauraconciergerie.com\/?page_id=1315"},"modified":"2026-03-03T19:09:47","modified_gmt":"2026-03-03T19:09:47","slug":"mentions-legales-2","status":"publish","type":"page","link":"https:\/\/www.lesclesdelauraconciergerie.com\/index.php\/mentions-legales-2\/","title":{"rendered":"Politique de confidentialit\u00e9"},"content":{"rendered":"\t\t<div data-elementor-type=\"wp-page\" data-elementor-id=\"1315\" class=\"elementor elementor-1315\">\n\t\t\t\t<div class=\"elementor-element elementor-element-f0aa068 e-flex e-con-boxed e-con e-parent\" data-id=\"f0aa068\" data-element_type=\"container\" data-e-type=\"container\">\n\t\t\t\t\t<div class=\"e-con-inner\">\n\t\t\t\t<div class=\"elementor-element elementor-element-f989683 elementor-widget elementor-widget-spacer\" data-id=\"f989683\" data-element_type=\"widget\" data-e-type=\"widget\" data-widget_type=\"spacer.default\">\n\t\t\t\t\t\t\t<div class=\"elementor-spacer\">\n\t\t\t<div class=\"elementor-spacer-inner\"><\/div>\n\t\t<\/div>\n\t\t\t\t\t\t<\/div>\n\t\t\t\t<div class=\"elementor-element elementor-element-632e42d elementor-widget elementor-widget-heading\" data-id=\"632e42d\" data-element_type=\"widget\" data-e-type=\"widget\" data-widget_type=\"heading.default\">\n\t\t\t\t\t<h2 class=\"elementor-heading-title elementor-size-default\">Politique de confidentialite<\/h2>\t\t\t\t<\/div>\n\t\t\t\t<div class=\"elementor-element elementor-element-787a539 elementor-widget elementor-widget-spacer\" data-id=\"787a539\" data-element_type=\"widget\" data-e-type=\"widget\" data-widget_type=\"spacer.default\">\n\t\t\t\t\t\t\t<div class=\"elementor-spacer\">\n\t\t\t<div class=\"elementor-spacer-inner\"><\/div>\n\t\t<\/div>\n\t\t\t\t\t\t<\/div>\n\t\t\t\t<div class=\"elementor-element elementor-element-71bde7c elementor-widget elementor-widget-text-editor\" data-id=\"71bde7c\" data-element_type=\"widget\" data-e-type=\"widget\" data-widget_type=\"text-editor.default\">\n\t\t\t\t\t\t\t\t\t<p><span style=\"font-weight: 400;\">La pr\u00e9sente politique a pour objet d\u2019informer les utilisateurs, propri\u00e9taires, locataires et prospects des modalit\u00e9s de collecte, de traitement et de protection de leurs donn\u00e9es personnelles par <\/span><b>Les Cl\u00e9s de Laura<\/b><span style=\"font-weight: 400;\">, dans le cadre de son activit\u00e9 de location meubl\u00e9e de courte dur\u00e9e.<\/span><\/p><p><span style=\"font-weight: 400;\">Les traitements sont r\u00e9alis\u00e9s conform\u00e9ment au <\/span><b>R\u00e8glement (UE) 2016\/679 du 27 avril 2016 (RGPD)<\/b><span style=\"font-weight: 400;\"> et \u00e0 la loi Informatique et Libert\u00e9s.<\/span><\/p>\t\t\t\t\t\t\t\t<\/div>\n\t\t\t\t<div class=\"elementor-element elementor-element-7ed37e2 elementor-widget elementor-widget-heading\" data-id=\"7ed37e2\" data-element_type=\"widget\" data-e-type=\"widget\" data-widget_type=\"heading.default\">\n\t\t\t\t\t<h3 class=\"elementor-heading-title elementor-size-default\">1. Responsable du traitement\n<\/h3>\t\t\t\t<\/div>\n\t\t\t\t<div class=\"elementor-element elementor-element-6cd1465 elementor-widget elementor-widget-text-editor\" data-id=\"6cd1465\" data-element_type=\"widget\" data-e-type=\"widget\" data-widget_type=\"text-editor.default\">\n\t\t\t\t\t\t\t\t\t<p><b>Les Cl\u00e9s de Laura<\/b><b><br \/><\/b><span style=\"font-weight: 400;\"> 627 Route de Buzignargues<\/span><span style=\"font-weight: 400;\"><br \/><\/span><span style=\"font-weight: 400;\"> 34160 Galargues \u2013 France<\/span><span style=\"font-weight: 400;\"><br \/><\/span><span style=\"font-weight: 400;\"> RCS Montpellier : 99945478800012<\/span><span style=\"font-weight: 400;\"><br \/><\/span><span style=\"font-weight: 400;\"> T\u00e9l\u00e9phone : 06 21 20 66 26<\/span><span style=\"font-weight: 400;\"><br \/><\/span><span style=\"font-weight: 400;\"> Directeur de la publication : Laura JAMMES<\/span><\/p>\t\t\t\t\t\t\t\t<\/div>\n\t\t\t\t<div class=\"elementor-element elementor-element-ebaf358 elementor-widget elementor-widget-spacer\" data-id=\"ebaf358\" data-element_type=\"widget\" data-e-type=\"widget\" data-widget_type=\"spacer.default\">\n\t\t\t\t\t\t\t<div class=\"elementor-spacer\">\n\t\t\t<div class=\"elementor-spacer-inner\"><\/div>\n\t\t<\/div>\n\t\t\t\t\t\t<\/div>\n\t\t\t\t<div class=\"elementor-element elementor-element-f57444b elementor-widget elementor-widget-heading\" data-id=\"f57444b\" data-element_type=\"widget\" data-e-type=\"widget\" data-widget_type=\"heading.default\">\n\t\t\t\t\t<h3 class=\"elementor-heading-title elementor-size-default\">2. Donn\u00e9es collect\u00e9es<\/h3>\t\t\t\t<\/div>\n\t\t\t\t<div class=\"elementor-element elementor-element-59ce2b6 elementor-widget elementor-widget-text-editor\" data-id=\"59ce2b6\" data-element_type=\"widget\" data-e-type=\"widget\" data-widget_type=\"text-editor.default\">\n\t\t\t\t\t\t\t\t\t<p>Dans le cadre de notre activit\u00e9, nous sommes amen\u00e9s \u00e0 collecter les cat\u00e9gories de donn\u00e9es suivantes :<\/p><p><strong>A. Donn\u00e9es des locataires \/ voyageurs<\/strong><br \/>Identit\u00e9 (nom, pr\u00e9nom, date de naissance)<br \/>Coordonn\u00e9es (email, t\u00e9l\u00e9phone, adresse postale)<br \/>Nationalit\u00e9<br \/>Pi\u00e8ce d\u2019identit\u00e9 (si exig\u00e9e par la r\u00e9glementation locale)<br \/>Informations relatives au s\u00e9jour (dates, logement r\u00e9serv\u00e9, nombre de personnes)<br \/>Informations de paiement (via prestataires s\u00e9curis\u00e9s)<br \/>Donn\u00e9es de connexion et adresse IP<\/p><p><br \/><strong>B. Donn\u00e9es des propri\u00e9taires<\/strong><br \/><strong>Identit\u00e9<br \/><\/strong>Coordonn\u00e9es<br \/>Informations fiscales<br \/>Donn\u00e9es bancaires (pour reversement des loyers)<br \/>Informations relatives au bien immobilier<\/p><p><br \/><strong>C. Donn\u00e9es techniques<\/strong><br \/><strong>Cookies<br \/><\/strong>Donn\u00e9es de navigation<br \/>Historique des \u00e9changes<\/p>\t\t\t\t\t\t\t\t<\/div>\n\t\t\t\t<div class=\"elementor-element elementor-element-8d472f5 elementor-widget elementor-widget-spacer\" data-id=\"8d472f5\" data-element_type=\"widget\" data-e-type=\"widget\" data-widget_type=\"spacer.default\">\n\t\t\t\t\t\t\t<div class=\"elementor-spacer\">\n\t\t\t<div class=\"elementor-spacer-inner\"><\/div>\n\t\t<\/div>\n\t\t\t\t\t\t<\/div>\n\t\t\t\t<div class=\"elementor-element elementor-element-4c2af5d elementor-widget elementor-widget-heading\" data-id=\"4c2af5d\" data-element_type=\"widget\" data-e-type=\"widget\" data-widget_type=\"heading.default\">\n\t\t\t\t\t<h3 class=\"elementor-heading-title elementor-size-default\">3. Finalit\u00e9s des traitements<\/h3>\t\t\t\t<\/div>\n\t\t\t\t<div class=\"elementor-element elementor-element-9521aff elementor-widget elementor-widget-text-editor\" data-id=\"9521aff\" data-element_type=\"widget\" data-e-type=\"widget\" data-widget_type=\"text-editor.default\">\n\t\t\t\t\t\t\t\t\t<p><span style=\"font-weight: 400;\">Les donn\u00e9es sont collect\u00e9es pour :<\/span><\/p><ul><li style=\"font-weight: 400;\" aria-level=\"1\"><span style=\"font-weight: 400;\">G\u00e9rer les r\u00e9servations et contrats de location<\/span><\/li><li style=\"font-weight: 400;\" aria-level=\"1\"><span style=\"font-weight: 400;\">Assurer l\u2019accueil des voyageurs<\/span><\/li><li style=\"font-weight: 400;\" aria-level=\"1\"><span style=\"font-weight: 400;\">Respecter les obligations l\u00e9gales (registre des voyageurs, obligations fiscales, obligations municipales)<\/span><\/li><li style=\"font-weight: 400;\" aria-level=\"1\"><span style=\"font-weight: 400;\">Assurer la gestion administrative, comptable et fiscale<\/span><\/li><li style=\"font-weight: 400;\" aria-level=\"1\"><span style=\"font-weight: 400;\">Encaisser les paiements et reverser les loyers<\/span><\/li><li style=\"font-weight: 400;\" aria-level=\"1\"><span style=\"font-weight: 400;\">G\u00e9rer la relation client<\/span><\/li><li style=\"font-weight: 400;\" aria-level=\"1\"><span style=\"font-weight: 400;\">R\u00e9pondre aux demandes d\u2019information<\/span><\/li><li style=\"font-weight: 400;\" aria-level=\"1\"><span style=\"font-weight: 400;\">Envoyer des communications commerciales (avec consentement)<\/span><p>\u00a0<\/p><\/li><\/ul><p><span style=\"font-weight: 400;\">Pr\u00e9venir la fraude et s\u00e9curiser les transactions<\/span><span style=\"font-weight: 400;\"><br \/><\/span><\/p>\t\t\t\t\t\t\t\t<\/div>\n\t\t\t\t<div class=\"elementor-element elementor-element-576a5b9 elementor-widget elementor-widget-spacer\" data-id=\"576a5b9\" data-element_type=\"widget\" data-e-type=\"widget\" data-widget_type=\"spacer.default\">\n\t\t\t\t\t\t\t<div class=\"elementor-spacer\">\n\t\t\t<div class=\"elementor-spacer-inner\"><\/div>\n\t\t<\/div>\n\t\t\t\t\t\t<\/div>\n\t\t\t\t<div class=\"elementor-element elementor-element-bd7037e elementor-widget elementor-widget-heading\" data-id=\"bd7037e\" data-element_type=\"widget\" data-e-type=\"widget\" data-widget_type=\"heading.default\">\n\t\t\t\t\t<h3 class=\"elementor-heading-title elementor-size-default\">4. Bases l\u00e9gales<\/h3>\t\t\t\t<\/div>\n\t\t\t\t<div class=\"elementor-element elementor-element-14b1a45 elementor-widget elementor-widget-text-editor\" data-id=\"14b1a45\" data-element_type=\"widget\" data-e-type=\"widget\" data-widget_type=\"text-editor.default\">\n\t\t\t\t\t\t\t\t\t<p><span style=\"font-weight: 400;\">Les traitements reposent sur :<\/span><\/p><ul><li style=\"font-weight: 400;\" aria-level=\"1\"><span style=\"font-weight: 400;\">L\u2019ex\u00e9cution d\u2019un contrat (r\u00e9servation, mandat de gestion, prestation de conciergerie)<\/span><span style=\"font-weight: 400;\"><br \/><\/span><\/li><li style=\"font-weight: 400;\" aria-level=\"1\"><span style=\"font-weight: 400;\">Le respect d\u2019une obligation l\u00e9gale (obligations fiscales, d\u00e9clarations en mairie, registre de police le cas \u00e9ch\u00e9ant)<\/span><span style=\"font-weight: 400;\"><br \/><\/span><\/li><li style=\"font-weight: 400;\" aria-level=\"1\"><span style=\"font-weight: 400;\">L\u2019int\u00e9r\u00eat l\u00e9gitime (s\u00e9curit\u00e9, pr\u00e9vention de la fraude, am\u00e9lioration des services)<\/span><span style=\"font-weight: 400;\"><br \/><\/span><\/li><li style=\"font-weight: 400;\" aria-level=\"1\"><span style=\"font-weight: 400;\">Le consentement (newsletter, cookies non essentiels)<\/span><span style=\"font-weight: 400;\"><br \/><\/span><\/li><\/ul>\t\t\t\t\t\t\t\t<\/div>\n\t\t\t\t<div class=\"elementor-element elementor-element-e29b34f elementor-widget elementor-widget-spacer\" data-id=\"e29b34f\" data-element_type=\"widget\" data-e-type=\"widget\" data-widget_type=\"spacer.default\">\n\t\t\t\t\t\t\t<div class=\"elementor-spacer\">\n\t\t\t<div class=\"elementor-spacer-inner\"><\/div>\n\t\t<\/div>\n\t\t\t\t\t\t<\/div>\n\t\t\t\t<div class=\"elementor-element elementor-element-67251d5 elementor-widget elementor-widget-heading\" data-id=\"67251d5\" data-element_type=\"widget\" data-e-type=\"widget\" data-widget_type=\"heading.default\">\n\t\t\t\t\t<h3 class=\"elementor-heading-title elementor-size-default\">5. Dur\u00e9e de conservation\n<\/h3>\t\t\t\t<\/div>\n\t\t\t\t<div class=\"elementor-element elementor-element-0f4cb29 elementor-widget elementor-widget-text-editor\" data-id=\"0f4cb29\" data-element_type=\"widget\" data-e-type=\"widget\" data-widget_type=\"text-editor.default\">\n\t\t\t\t\t\t\t\t\t<p><span style=\"font-weight: 400;\">Les donn\u00e9es sont conserv\u00e9es :<\/span><\/p><ul><li style=\"font-weight: 400;\" aria-level=\"1\"><span style=\"font-weight: 400;\">Pendant la dur\u00e9e du contrat ou du s\u00e9jour<\/span><span style=\"font-weight: 400;\"><br \/><\/span><\/li><li style=\"font-weight: 400;\" aria-level=\"1\"><span style=\"font-weight: 400;\">5 \u00e0 10 ans pour les obligations comptables et fiscales<\/span><span style=\"font-weight: 400;\"><br \/><\/span><\/li><li style=\"font-weight: 400;\" aria-level=\"1\"><span style=\"font-weight: 400;\">3 ans \u00e0 compter du dernier contact pour les prospects<\/span><span style=\"font-weight: 400;\"><br \/><\/span><\/li><li style=\"font-weight: 400;\" aria-level=\"1\"><span style=\"font-weight: 400;\">Conform\u00e9ment aux recommandations de la<\/span><span style=\"font-weight: 400;\"><br \/><\/span><span style=\"font-weight: 400;\"> Commission nationale de l&rsquo;informatique et des libert\u00e9s<\/span><p>\u00a0<\/p><\/li><\/ul><p><span style=\"font-weight: 400;\">Les donn\u00e9es n\u00e9cessaires \u00e0 l\u2019\u00e9tablissement de la preuve d\u2019un droit ou d\u2019un contrat peuvent \u00eatre archiv\u00e9es conform\u00e9ment aux d\u00e9lais l\u00e9gaux applicables.<\/span><\/p>\t\t\t\t\t\t\t\t<\/div>\n\t\t\t\t<div class=\"elementor-element elementor-element-3578a70 elementor-widget elementor-widget-spacer\" data-id=\"3578a70\" data-element_type=\"widget\" data-e-type=\"widget\" data-widget_type=\"spacer.default\">\n\t\t\t\t\t\t\t<div class=\"elementor-spacer\">\n\t\t\t<div class=\"elementor-spacer-inner\"><\/div>\n\t\t<\/div>\n\t\t\t\t\t\t<\/div>\n\t\t\t\t<div class=\"elementor-element elementor-element-cff7183 elementor-widget elementor-widget-heading\" data-id=\"cff7183\" data-element_type=\"widget\" data-e-type=\"widget\" data-widget_type=\"heading.default\">\n\t\t\t\t\t<h3 class=\"elementor-heading-title elementor-size-default\">6. Destinataires des donn\u00e9es<\/h3>\t\t\t\t<\/div>\n\t\t\t\t<div class=\"elementor-element elementor-element-7a33cdf elementor-widget elementor-widget-text-editor\" data-id=\"7a33cdf\" data-element_type=\"widget\" data-e-type=\"widget\" data-widget_type=\"text-editor.default\">\n\t\t\t\t\t\t\t\t\t<p><span style=\"font-weight: 400;\">Les donn\u00e9es peuvent \u00eatre transmises :<\/span><\/p><ul><li style=\"font-weight: 400;\" aria-level=\"1\"><span style=\"font-weight: 400;\">Aux services internes de Les Cl\u00e9s de Laura<\/span><span style=\"font-weight: 400;\"><br \/><\/span><\/li><li style=\"font-weight: 400;\" aria-level=\"1\"><span style=\"font-weight: 400;\">Aux prestataires de paiement s\u00e9curis\u00e9s<\/span><span style=\"font-weight: 400;\"><br \/><\/span><\/li><li style=\"font-weight: 400;\" aria-level=\"1\"><span style=\"font-weight: 400;\">Aux plateformes de r\u00e9servation (Airbnb, Booking, etc.)<\/span><span style=\"font-weight: 400;\"><br \/><\/span><\/li><li style=\"font-weight: 400;\" aria-level=\"1\"><span style=\"font-weight: 400;\">Aux prestataires techniques (h\u00e9bergement du site, maintenance)<\/span><span style=\"font-weight: 400;\"><br \/><\/span><\/li><li style=\"font-weight: 400;\" aria-level=\"1\"><span style=\"font-weight: 400;\">Aux autorit\u00e9s administratives si requis par la loi<\/span><span style=\"font-weight: 400;\"><br \/><br \/><\/span><\/li><\/ul><p><span style=\"font-weight: 400;\">Les donn\u00e9es sont h\u00e9berg\u00e9es au sein de l\u2019Union europ\u00e9enne.<\/span><span style=\"font-weight: 400;\"><br \/><\/span><span style=\"font-weight: 400;\"> Tout transfert hors UE fait l\u2019objet de garanties appropri\u00e9es (clauses contractuelles types, etc.).<\/span><\/p>\t\t\t\t\t\t\t\t<\/div>\n\t\t\t\t<div class=\"elementor-element elementor-element-ffed09c elementor-widget elementor-widget-spacer\" data-id=\"ffed09c\" data-element_type=\"widget\" data-e-type=\"widget\" data-widget_type=\"spacer.default\">\n\t\t\t\t\t\t\t<div class=\"elementor-spacer\">\n\t\t\t<div class=\"elementor-spacer-inner\"><\/div>\n\t\t<\/div>\n\t\t\t\t\t\t<\/div>\n\t\t\t\t<div class=\"elementor-element elementor-element-9f60d8b elementor-widget elementor-widget-heading\" data-id=\"9f60d8b\" data-element_type=\"widget\" data-e-type=\"widget\" data-widget_type=\"heading.default\">\n\t\t\t\t\t<h3 class=\"elementor-heading-title elementor-size-default\">7. S\u00e9curit\u00e9 des donn\u00e9es<\/h3>\t\t\t\t<\/div>\n\t\t\t\t<div class=\"elementor-element elementor-element-4bf1460 elementor-widget elementor-widget-text-editor\" data-id=\"4bf1460\" data-element_type=\"widget\" data-e-type=\"widget\" data-widget_type=\"text-editor.default\">\n\t\t\t\t\t\t\t\t\t<p><span style=\"font-weight: 400;\">Nous mettons en \u0153uvre :<\/span><\/p><ul><li style=\"font-weight: 400;\" aria-level=\"1\"><span style=\"font-weight: 400;\">Des acc\u00e8s s\u00e9curis\u00e9s et restreints aux donn\u00e9es<\/span><span style=\"font-weight: 400;\"><br \/><\/span><\/li><li style=\"font-weight: 400;\" aria-level=\"1\"><span style=\"font-weight: 400;\">Des protocoles de chiffrement pour les paiements<\/span><span style=\"font-weight: 400;\"><br \/><\/span><\/li><li style=\"font-weight: 400;\" aria-level=\"1\"><span style=\"font-weight: 400;\">Des sauvegardes r\u00e9guli\u00e8res<\/span><span style=\"font-weight: 400;\"><br \/><\/span><\/li><li style=\"font-weight: 400;\" aria-level=\"1\"><span style=\"font-weight: 400;\">Des mesures de protection contre les intrusions<\/span><span style=\"font-weight: 400;\"><br \/><\/span><\/li><li style=\"font-weight: 400;\" aria-level=\"1\"><span style=\"font-weight: 400;\">Une sensibilisation de nos \u00e9quipes aux exigences RGPD<\/span><\/li><\/ul>\t\t\t\t\t\t\t\t<\/div>\n\t\t\t\t<div class=\"elementor-element elementor-element-b5dbbfa elementor-widget elementor-widget-spacer\" data-id=\"b5dbbfa\" data-element_type=\"widget\" data-e-type=\"widget\" data-widget_type=\"spacer.default\">\n\t\t\t\t\t\t\t<div class=\"elementor-spacer\">\n\t\t\t<div class=\"elementor-spacer-inner\"><\/div>\n\t\t<\/div>\n\t\t\t\t\t\t<\/div>\n\t\t\t\t<div class=\"elementor-element elementor-element-9a945a3 elementor-widget elementor-widget-heading\" data-id=\"9a945a3\" data-element_type=\"widget\" data-e-type=\"widget\" data-widget_type=\"heading.default\">\n\t\t\t\t\t<h3 class=\"elementor-heading-title elementor-size-default\">8. Droits des personnes concern\u00e9es<\/h3>\t\t\t\t<\/div>\n\t\t\t\t<div class=\"elementor-element elementor-element-ffb18c1 elementor-widget elementor-widget-text-editor\" data-id=\"ffb18c1\" data-element_type=\"widget\" data-e-type=\"widget\" data-widget_type=\"text-editor.default\">\n\t\t\t\t\t\t\t\t\t<p><span style=\"font-weight: 400;\">Conform\u00e9ment au RGPD, vous disposez :<\/span><\/p><ul><li style=\"font-weight: 400;\" aria-level=\"1\"><span style=\"font-weight: 400;\">D\u2019un droit d\u2019acc\u00e8s<\/span><span style=\"font-weight: 400;\"><br \/><\/span><\/li><li style=\"font-weight: 400;\" aria-level=\"1\"><span style=\"font-weight: 400;\">D\u2019un droit de rectification<\/span><span style=\"font-weight: 400;\"><br \/><\/span><\/li><li style=\"font-weight: 400;\" aria-level=\"1\"><span style=\"font-weight: 400;\">D\u2019un droit \u00e0 l\u2019effacement<\/span><span style=\"font-weight: 400;\"><br \/><\/span><\/li><li style=\"font-weight: 400;\" aria-level=\"1\"><span style=\"font-weight: 400;\">D\u2019un droit \u00e0 la limitation<\/span><span style=\"font-weight: 400;\"><br \/><\/span><\/li><li style=\"font-weight: 400;\" aria-level=\"1\"><span style=\"font-weight: 400;\">D\u2019un droit \u00e0 la portabilit\u00e9<\/span><span style=\"font-weight: 400;\"><br \/><\/span><\/li><li style=\"font-weight: 400;\" aria-level=\"1\"><span style=\"font-weight: 400;\">D\u2019un droit d\u2019opposition<\/span><span style=\"font-weight: 400;\"><br \/><\/span><\/li><li style=\"font-weight: 400;\" aria-level=\"1\"><span style=\"font-weight: 400;\">Du droit de retirer votre consentement<\/span><span style=\"font-weight: 400;\"><br \/><\/span><\/li><li style=\"font-weight: 400;\" aria-level=\"1\"><span style=\"font-weight: 400;\">Du droit d\u2019introduire une r\u00e9clamation aupr\u00e8s de la CNIL<\/span><span style=\"font-weight: 400;\"><br \/><br \/><\/span><\/li><\/ul><p><span style=\"font-weight: 400;\">Les demandes peuvent \u00eatre adress\u00e9es par email ou courrier \u00e0 l\u2019adresse mentionn\u00e9e ci-dessus.<\/span><span style=\"font-weight: 400;\"><br \/><\/span><span style=\"font-weight: 400;\"> Nous r\u00e9pondrons dans un d\u00e9lai maximum de 30 jours.<\/span><\/p><p><span style=\"font-weight: 400;\">Nous pouvons demander un justificatif d\u2019identit\u00e9.<\/span><\/p>\t\t\t\t\t\t\t\t<\/div>\n\t\t\t\t<div class=\"elementor-element elementor-element-a6a8bb3 elementor-widget elementor-widget-spacer\" data-id=\"a6a8bb3\" data-element_type=\"widget\" data-e-type=\"widget\" data-widget_type=\"spacer.default\">\n\t\t\t\t\t\t\t<div class=\"elementor-spacer\">\n\t\t\t<div class=\"elementor-spacer-inner\"><\/div>\n\t\t<\/div>\n\t\t\t\t\t\t<\/div>\n\t\t\t\t<div class=\"elementor-element elementor-element-f8c8715 elementor-widget elementor-widget-heading\" data-id=\"f8c8715\" data-element_type=\"widget\" data-e-type=\"widget\" data-widget_type=\"heading.default\">\n\t\t\t\t\t<h3 class=\"elementor-heading-title elementor-size-default\">9. Obligations sp\u00e9cifiques \u00e0 la location courte dur\u00e9e<\/h3>\t\t\t\t<\/div>\n\t\t\t\t<div class=\"elementor-element elementor-element-0e3390d elementor-widget elementor-widget-text-editor\" data-id=\"0e3390d\" data-element_type=\"widget\" data-e-type=\"widget\" data-widget_type=\"text-editor.default\">\n\t\t\t\t\t\t\t\t\t<p><span style=\"font-weight: 400;\">Dans le cadre de la r\u00e9glementation applicable aux meubl\u00e9s de tourisme :<\/span><\/p><ul><li style=\"font-weight: 400;\" aria-level=\"1\"><span style=\"font-weight: 400;\">Certaines donn\u00e9es des voyageurs peuvent \u00eatre collect\u00e9es afin de respecter les obligations l\u00e9gales (notamment obligations d\u00e9claratives locales ou fiscales).<\/span><span style=\"font-weight: 400;\"><br \/><\/span><\/li><li style=\"font-weight: 400;\" aria-level=\"1\"><span style=\"font-weight: 400;\">Les informations peuvent \u00eatre transmises aux autorit\u00e9s comp\u00e9tentes en cas de demande l\u00e9gale.<\/span><\/li><\/ul>\t\t\t\t\t\t\t\t<\/div>\n\t\t\t\t\t<\/div>\n\t\t\t\t<\/div>\n\t\t\t\t<\/div>\n\t\t","protected":false},"excerpt":{"rendered":"<p>Politique de confidentialite La pr\u00e9sente politique a pour objet d\u2019informer les utilisateurs, propri\u00e9taires, locataires et prospects des modalit\u00e9s de collecte, de traitement et de protection de leurs donn\u00e9es personnelles par Les Cl\u00e9s de Laura, dans le cadre de son activit\u00e9 de location meubl\u00e9e de courte dur\u00e9e. Les traitements sont r\u00e9alis\u00e9s conform\u00e9ment au R\u00e8glement (UE) 2016\/679 [&hellip;]<\/p>\n","protected":false},"author":1,"featured_media":0,"parent":0,"menu_order":0,"comment_status":"closed","ping_status":"closed","template":"elementor_canvas","meta":{"footnotes":""},"class_list":["post-1315","page","type-page","status-publish","hentry"],"yoast_head":"<!-- This site is optimized with the Yoast SEO plugin v27.0 - https:\/\/yoast.com\/product\/yoast-seo-wordpress\/ -->\n<title>Politique de confidentialit\u00e9 - Les Cl\u00e9s de Laura<\/title>\n<meta name=\"robots\" content=\"index, follow, max-snippet:-1, max-image-preview:large, max-video-preview:-1\" \/>\n<link rel=\"canonical\" href=\"https:\/\/www.lesclesdelauraconciergerie.com\/index.php\/mentions-legales-2\/\" \/>\n<meta property=\"og:locale\" content=\"fr_FR\" \/>\n<meta property=\"og:type\" content=\"article\" \/>\n<meta property=\"og:title\" content=\"Politique de confidentialit\u00e9 - Les Cl\u00e9s de Laura\" \/>\n<meta property=\"og:description\" content=\"Politique de confidentialite La pr\u00e9sente politique a pour objet d\u2019informer les utilisateurs, propri\u00e9taires, locataires et prospects des modalit\u00e9s de collecte, de traitement et de protection de leurs donn\u00e9es personnelles par Les Cl\u00e9s de Laura, dans le cadre de son activit\u00e9 de location meubl\u00e9e de courte dur\u00e9e. Les traitements sont r\u00e9alis\u00e9s conform\u00e9ment au R\u00e8glement (UE) 2016\/679 [&hellip;]\" \/>\n<meta property=\"og:url\" content=\"https:\/\/www.lesclesdelauraconciergerie.com\/index.php\/mentions-legales-2\/\" \/>\n<meta property=\"og:site_name\" content=\"Les Cl\u00e9s de Laura\" \/>\n<meta property=\"article:modified_time\" content=\"2026-03-03T19:09:47+00:00\" \/>\n<meta name=\"twitter:card\" content=\"summary_large_image\" \/>\n<meta name=\"twitter:label1\" content=\"Dur\u00e9e de lecture estim\u00e9e\" \/>\n\t<meta name=\"twitter:data1\" content=\"4 minutes\" \/>\n<script type=\"application\/ld+json\" class=\"yoast-schema-graph\">{\"@context\":\"https:\/\/schema.org\",\"@graph\":[{\"@type\":\"WebPage\",\"@id\":\"https:\/\/www.lesclesdelauraconciergerie.com\/index.php\/mentions-legales-2\/\",\"url\":\"https:\/\/www.lesclesdelauraconciergerie.com\/index.php\/mentions-legales-2\/\",\"name\":\"Politique de confidentialit\u00e9 - Les Cl\u00e9s de Laura\",\"isPartOf\":{\"@id\":\"https:\/\/www.lesclesdelauraconciergerie.com\/#website\"},\"datePublished\":\"2026-02-13T16:46:59+00:00\",\"dateModified\":\"2026-03-03T19:09:47+00:00\",\"breadcrumb\":{\"@id\":\"https:\/\/www.lesclesdelauraconciergerie.com\/index.php\/mentions-legales-2\/#breadcrumb\"},\"inLanguage\":\"fr-FR\",\"potentialAction\":[{\"@type\":\"ReadAction\",\"target\":[\"https:\/\/www.lesclesdelauraconciergerie.com\/index.php\/mentions-legales-2\/\"]}]},{\"@type\":\"BreadcrumbList\",\"@id\":\"https:\/\/www.lesclesdelauraconciergerie.com\/index.php\/mentions-legales-2\/#breadcrumb\",\"itemListElement\":[{\"@type\":\"ListItem\",\"position\":1,\"name\":\"Accueil\",\"item\":\"https:\/\/www.lesclesdelauraconciergerie.com\/\"},{\"@type\":\"ListItem\",\"position\":2,\"name\":\"Politique de confidentialit\u00e9\"}]},{\"@type\":\"WebSite\",\"@id\":\"https:\/\/www.lesclesdelauraconciergerie.com\/#website\",\"url\":\"https:\/\/www.lesclesdelauraconciergerie.com\/\",\"name\":\"Les Cl\u00e9s de Laura\",\"description\":\"L\u2019excellence au service de votre temps\",\"publisher\":{\"@id\":\"https:\/\/www.lesclesdelauraconciergerie.com\/#organization\"},\"potentialAction\":[{\"@type\":\"SearchAction\",\"target\":{\"@type\":\"EntryPoint\",\"urlTemplate\":\"https:\/\/www.lesclesdelauraconciergerie.com\/?s={search_term_string}\"},\"query-input\":{\"@type\":\"PropertyValueSpecification\",\"valueRequired\":true,\"valueName\":\"search_term_string\"}}],\"inLanguage\":\"fr-FR\"},{\"@type\":\"Organization\",\"@id\":\"https:\/\/www.lesclesdelauraconciergerie.com\/#organization\",\"name\":\"Les Cl\u00e9s de Laura\",\"url\":\"https:\/\/www.lesclesdelauraconciergerie.com\/\",\"logo\":{\"@type\":\"ImageObject\",\"inLanguage\":\"fr-FR\",\"@id\":\"https:\/\/www.lesclesdelauraconciergerie.com\/#\/schema\/logo\/image\/\",\"url\":\"https:\/\/www.lesclesdelauraconciergerie.com\/wp-content\/uploads\/2026\/01\/cropped-Logo-NOIR-sans-fond.png\",\"contentUrl\":\"https:\/\/www.lesclesdelauraconciergerie.com\/wp-content\/uploads\/2026\/01\/cropped-Logo-NOIR-sans-fond.png\",\"width\":1278,\"height\":623,\"caption\":\"Les Cl\u00e9s de Laura\"},\"image\":{\"@id\":\"https:\/\/www.lesclesdelauraconciergerie.com\/#\/schema\/logo\/image\/\"}}]}<\/script>\n<!-- \/ Yoast SEO plugin. -->","yoast_head_json":{"title":"Politique de confidentialit\u00e9 - Les Cl\u00e9s de Laura","robots":{"index":"index","follow":"follow","max-snippet":"max-snippet:-1","max-image-preview":"max-image-preview:large","max-video-preview":"max-video-preview:-1"},"canonical":"https:\/\/www.lesclesdelauraconciergerie.com\/index.php\/mentions-legales-2\/","og_locale":"fr_FR","og_type":"article","og_title":"Politique de confidentialit\u00e9 - Les Cl\u00e9s de Laura","og_description":"Politique de confidentialite La pr\u00e9sente politique a pour objet d\u2019informer les utilisateurs, propri\u00e9taires, locataires et prospects des modalit\u00e9s de collecte, de traitement et de protection de leurs donn\u00e9es personnelles par Les Cl\u00e9s de Laura, dans le cadre de son activit\u00e9 de location meubl\u00e9e de courte dur\u00e9e. Les traitements sont r\u00e9alis\u00e9s conform\u00e9ment au R\u00e8glement (UE) 2016\/679 [&hellip;]","og_url":"https:\/\/www.lesclesdelauraconciergerie.com\/index.php\/mentions-legales-2\/","og_site_name":"Les Cl\u00e9s de Laura","article_modified_time":"2026-03-03T19:09:47+00:00","twitter_card":"summary_large_image","twitter_misc":{"Dur\u00e9e de lecture estim\u00e9e":"4 minutes"},"schema":{"@context":"https:\/\/schema.org","@graph":[{"@type":"WebPage","@id":"https:\/\/www.lesclesdelauraconciergerie.com\/index.php\/mentions-legales-2\/","url":"https:\/\/www.lesclesdelauraconciergerie.com\/index.php\/mentions-legales-2\/","name":"Politique de confidentialit\u00e9 - Les Cl\u00e9s de Laura","isPartOf":{"@id":"https:\/\/www.lesclesdelauraconciergerie.com\/#website"},"datePublished":"2026-02-13T16:46:59+00:00","dateModified":"2026-03-03T19:09:47+00:00","breadcrumb":{"@id":"https:\/\/www.lesclesdelauraconciergerie.com\/index.php\/mentions-legales-2\/#breadcrumb"},"inLanguage":"fr-FR","potentialAction":[{"@type":"ReadAction","target":["https:\/\/www.lesclesdelauraconciergerie.com\/index.php\/mentions-legales-2\/"]}]},{"@type":"BreadcrumbList","@id":"https:\/\/www.lesclesdelauraconciergerie.com\/index.php\/mentions-legales-2\/#breadcrumb","itemListElement":[{"@type":"ListItem","position":1,"name":"Accueil","item":"https:\/\/www.lesclesdelauraconciergerie.com\/"},{"@type":"ListItem","position":2,"name":"Politique de confidentialit\u00e9"}]},{"@type":"WebSite","@id":"https:\/\/www.lesclesdelauraconciergerie.com\/#website","url":"https:\/\/www.lesclesdelauraconciergerie.com\/","name":"Les Cl\u00e9s de Laura","description":"L\u2019excellence au service de votre temps","publisher":{"@id":"https:\/\/www.lesclesdelauraconciergerie.com\/#organization"},"potentialAction":[{"@type":"SearchAction","target":{"@type":"EntryPoint","urlTemplate":"https:\/\/www.lesclesdelauraconciergerie.com\/?s={search_term_string}"},"query-input":{"@type":"PropertyValueSpecification","valueRequired":true,"valueName":"search_term_string"}}],"inLanguage":"fr-FR"},{"@type":"Organization","@id":"https:\/\/www.lesclesdelauraconciergerie.com\/#organization","name":"Les Cl\u00e9s de Laura","url":"https:\/\/www.lesclesdelauraconciergerie.com\/","logo":{"@type":"ImageObject","inLanguage":"fr-FR","@id":"https:\/\/www.lesclesdelauraconciergerie.com\/#\/schema\/logo\/image\/","url":"https:\/\/www.lesclesdelauraconciergerie.com\/wp-content\/uploads\/2026\/01\/cropped-Logo-NOIR-sans-fond.png","contentUrl":"https:\/\/www.lesclesdelauraconciergerie.com\/wp-content\/uploads\/2026\/01\/cropped-Logo-NOIR-sans-fond.png","width":1278,"height":623,"caption":"Les Cl\u00e9s de Laura"},"image":{"@id":"https:\/\/www.lesclesdelauraconciergerie.com\/#\/schema\/logo\/image\/"}}]}},"_links":{"self":[{"href":"https:\/\/www.lesclesdelauraconciergerie.com\/index.php\/wp-json\/wp\/v2\/pages\/1315","targetHints":{"allow":["GET"]}}],"collection":[{"href":"https:\/\/www.lesclesdelauraconciergerie.com\/index.php\/wp-json\/wp\/v2\/pages"}],"about":[{"href":"https:\/\/www.lesclesdelauraconciergerie.com\/index.php\/wp-json\/wp\/v2\/types\/page"}],"author":[{"embeddable":true,"href":"https:\/\/www.lesclesdelauraconciergerie.com\/index.php\/wp-json\/wp\/v2\/users\/1"}],"replies":[{"embeddable":true,"href":"https:\/\/www.lesclesdelauraconciergerie.com\/index.php\/wp-json\/wp\/v2\/comments?post=1315"}],"version-history":[{"count":15,"href":"https:\/\/www.lesclesdelauraconciergerie.com\/index.php\/wp-json\/wp\/v2\/pages\/1315\/revisions"}],"predecessor-version":[{"id":3839,"href":"https:\/\/www.lesclesdelauraconciergerie.com\/index.php\/wp-json\/wp\/v2\/pages\/1315\/revisions\/3839"}],"wp:attachment":[{"href":"https:\/\/www.lesclesdelauraconciergerie.com\/index.php\/wp-json\/wp\/v2\/media?parent=1315"}],"curies":[{"name":"wp","href":"https:\/\/api.w.org\/{rel}","templated":true}]}}